{"id":308,"date":"2023-02-28T15:34:21","date_gmt":"2023-02-28T14:34:21","guid":{"rendered":"https:\/\/www.dach-mit-sachverstand.de\/?page_id=308"},"modified":"2023-05-02T10:37:19","modified_gmt":"2023-05-02T08:37:19","slug":"startseite","status":"publish","type":"page","link":"https:\/\/www.dach-mit-sachverstand.de\/","title":{"rendered":"Startseite neu"},"content":{"rendered":"<p>[et_pb_section fb_built=&#8220;1&#8243; custom_padding_last_edited=&#8220;on|desktop&#8220; disabled_on=&#8220;off|off|off&#8220; _builder_version=&#8220;4.19.5&#8243; background_image=&#8220;https:\/\/www.dach-mit-sachverstand.de\/wp-content\/uploads\/Header-Home-MW.jpg&#8220; background_position=&#8220;top_center&#8220; custom_padding=&#8220;188px||60px|10%|false|false&#8220; custom_padding_tablet=&#8220;|||10%|false|false&#8220; custom_padding_phone=&#8220;1%|||10%|false|false&#8220; background_last_edited=&#8220;on|tablet&#8220; background_image_tablet=&#8220;https:\/\/www.dach-mit-sachverstand.de\/wp-content\/uploads\/Header-Home-MW-tablet.jpg&#8220; background_image_phone=&#8220;https:\/\/www.dach-mit-sachverstand.de\/wp-content\/uploads\/MW-header-mobile.jpg&#8220; background_enable_image_tablet=&#8220;on&#8220; background_enable_image_phone=&#8220;on&#8220; background_size_tablet=&#8220;cover&#8220; global_colors_info=&#8220;{}&#8220;][et_pb_row column_structure=&#8220;2_5,3_5&#8243; _builder_version=&#8220;4.19.5&#8243; background_size=&#8220;initial&#8220; background_position=&#8220;top_left&#8220; background_repeat=&#8220;repeat&#8220; custom_margin=&#8220;68px||-21px||false|false&#8220; custom_margin_tablet=&#8220;68px||-21px||false|false&#8220; custom_margin_phone=&#8220;68px||-21px||false|false&#8220; custom_margin_last_edited=&#8220;on|phone&#8220; global_colors_info=&#8220;{}&#8220;][et_pb_column type=&#8220;2_5&#8243; _builder_version=&#8220;4.16&#8243; custom_padding=&#8220;|||&#8220; global_colors_info=&#8220;{}&#8220; custom_padding__hover=&#8220;|||&#8220;][\/et_pb_column][et_pb_column type=&#8220;3_5&#8243; _builder_version=&#8220;4.16&#8243; custom_padding=&#8220;|||&#8220; global_colors_info=&#8220;{}&#8220; custom_padding__hover=&#8220;|||&#8220;][et_pb_text _builder_version=&#8220;4.19.5&#8243; text_font=&#8220;|on|||&#8220; text_text_color=&#8220;#363a93&#8243; text_font_size=&#8220;42px&#8220; text_line_height=&#8220;1em&#8220; text_font_size_tablet=&#8220;&#8220; text_font_size_phone=&#8220;37px&#8220; text_font_size_last_edited=&#8220;on|phone&#8220; header_font_size_last_edited=&#8220;off|desktop&#8220; global_colors_info=&#8220;{}&#8220;]<\/p>\n<p>Martin Weihsweiler<\/p>\n<p>[\/et_pb_text][et_pb_text _builder_version=&#8220;4.19.5&#8243; text_text_color=&#8220;#333333&#8243; text_font_size=&#8220;25px&#8220; text_line_height=&#8220;1.2em&#8220; background_enable_color=&#8220;off&#8220; text_font_size_tablet=&#8220;&#8220; text_font_size_phone=&#8220;19px&#8220; text_font_size_last_edited=&#8220;on|phone&#8220; header_font_size_phone=&#8220;14px&#8220; header_font_size_last_edited=&#8220;off|desktop&#8220; global_colors_info=&#8220;{}&#8220;]<\/p>\n<p>\u201eMit fachlicher Kompetenz und nachhaltigen Konzepten stehe ich meinen Kunden seit \u00fcber 30 Jahren in allen Dachfragen zur Seite.\u201c<\/p>\n<p>[\/et_pb_text][et_pb_button button_url=&#8220;https:\/\/www.dach-mit-sachverstand.de\/index.php\/ueber-mich&#8220; button_text=&#8220;\u00dcber mich&#8220; button_alignment=&#8220;left&#8220; _builder_version=&#8220;4.19.5&#8243; hover_enabled=&#8220;0&#8243; global_colors_info=&#8220;{}&#8220; button_text_size__hover_enabled=&#8220;off&#8220; button_one_text_size__hover_enabled=&#8220;off&#8220; button_two_text_size__hover_enabled=&#8220;off&#8220; button_text_color__hover_enabled=&#8220;off&#8220; button_one_text_color__hover_enabled=&#8220;off&#8220; button_two_text_color__hover_enabled=&#8220;off&#8220; button_border_width__hover_enabled=&#8220;off&#8220; button_one_border_width__hover_enabled=&#8220;off&#8220; button_two_border_width__hover_enabled=&#8220;off&#8220; button_border_color__hover_enabled=&#8220;off&#8220; button_one_border_color__hover_enabled=&#8220;off&#8220; button_two_border_color__hover_enabled=&#8220;off&#8220; button_border_radius__hover_enabled=&#8220;off&#8220; button_one_border_radius__hover_enabled=&#8220;off&#8220; button_two_border_radius__hover_enabled=&#8220;off&#8220; button_letter_spacing__hover_enabled=&#8220;off&#8220; button_one_letter_spacing__hover_enabled=&#8220;off&#8220; button_two_letter_spacing__hover_enabled=&#8220;off&#8220; button_bg_color__hover_enabled=&#8220;off&#8220; button_one_bg_color__hover_enabled=&#8220;off&#8220; button_two_bg_color__hover_enabled=&#8220;off&#8220; sticky_enabled=&#8220;0&#8243;][\/et_pb_button][\/et_pb_column][\/et_pb_row][\/et_pb_section][et_pb_section fb_built=&#8220;1&#8243; disabled_on=&#8220;on|on|on&#8220; _builder_version=&#8220;4.19.5&#8243; background_image=&#8220;https:\/\/www.dach-mit-sachverstand.de\/wp-content\/uploads\/Header-Home-MW.jpg&#8220; background_position=&#8220;top_center&#8220; custom_padding=&#8220;188px|0px|60px|0px|false|false&#8220; disabled=&#8220;on&#8220; global_colors_info=&#8220;{}&#8220;][et_pb_row column_structure=&#8220;1_2,1_2&#8243; _builder_version=&#8220;4.19.5&#8243; background_size=&#8220;initial&#8220; background_position=&#8220;top_left&#8220; background_repeat=&#8220;repeat&#8220; custom_margin=&#8220;|300px|||false|false&#8220; global_colors_info=&#8220;{}&#8220;][et_pb_column type=&#8220;1_2&#8243; _builder_version=&#8220;4.16&#8243; custom_padding=&#8220;|||&#8220; global_colors_info=&#8220;{}&#8220; custom_padding__hover=&#8220;|||&#8220;][\/et_pb_column][et_pb_column type=&#8220;1_2&#8243; _builder_version=&#8220;4.16&#8243; custom_padding=&#8220;|||&#8220; global_colors_info=&#8220;{}&#8220; custom_padding__hover=&#8220;|||&#8220;][et_pb_text _builder_version=&#8220;4.19.5&#8243; text_font=&#8220;|on|||&#8220; text_text_color=&#8220;#363a93&#8243; text_font_size=&#8220;42px&#8220; text_line_height=&#8220;1em&#8220; text_font_size_tablet=&#8220;&#8220; text_font_size_phone=&#8220;37px&#8220; text_font_size_last_edited=&#8220;on|phone&#8220; header_font_size_last_edited=&#8220;off|desktop&#8220; global_colors_info=&#8220;{}&#8220;]<\/p>\n<p>Martin Weihsweiler<\/p>\n<p>[\/et_pb_text][et_pb_text _builder_version=&#8220;4.19.5&#8243; text_text_color=&#8220;#333333&#8243; text_font_size=&#8220;25px&#8220; text_line_height=&#8220;1.2em&#8220; background_enable_color=&#8220;off&#8220; text_font_size_tablet=&#8220;&#8220; text_font_size_phone=&#8220;19px&#8220; text_font_size_last_edited=&#8220;on|phone&#8220; header_font_size_phone=&#8220;14px&#8220; header_font_size_last_edited=&#8220;off|desktop&#8220; global_colors_info=&#8220;{}&#8220;]<\/p>\n<p>\u201eMit fachlicher Kompetenz und nachhaltigen Konzepten stehe ich meinen Kunden seit \u00fcber 30 Jahren in allen Dachfragen zur Seite.\u201c<\/p>\n<p>[\/et_pb_text][et_pb_button button_url=&#8220;https:\/\/www.dach-mit-sachverstand.de\/index.php\/steckbrief\/&#8220; button_text=&#8220;\u00dcber mich&#8220; button_alignment=&#8220;left&#8220; _builder_version=&#8220;4.19.5&#8243; global_colors_info=&#8220;{}&#8220; button_text_size__hover_enabled=&#8220;off&#8220; button_one_text_size__hover_enabled=&#8220;off&#8220; button_two_text_size__hover_enabled=&#8220;off&#8220; button_text_color__hover_enabled=&#8220;off&#8220; button_one_text_color__hover_enabled=&#8220;off&#8220; button_two_text_color__hover_enabled=&#8220;off&#8220; button_border_width__hover_enabled=&#8220;off&#8220; button_one_border_width__hover_enabled=&#8220;off&#8220; button_two_border_width__hover_enabled=&#8220;off&#8220; button_border_color__hover_enabled=&#8220;off&#8220; button_one_border_color__hover_enabled=&#8220;off&#8220; button_two_border_color__hover_enabled=&#8220;off&#8220; button_border_radius__hover_enabled=&#8220;off&#8220; button_one_border_radius__hover_enabled=&#8220;off&#8220; button_two_border_radius__hover_enabled=&#8220;off&#8220; button_letter_spacing__hover_enabled=&#8220;off&#8220; button_one_letter_spacing__hover_enabled=&#8220;off&#8220; button_two_letter_spacing__hover_enabled=&#8220;off&#8220; button_bg_color__hover_enabled=&#8220;off&#8220; button_one_bg_color__hover_enabled=&#8220;off&#8220; button_two_bg_color__hover_enabled=&#8220;off&#8220;][\/et_pb_button][\/et_pb_column][\/et_pb_row][\/et_pb_section][et_pb_section fb_built=&#8220;1&#8243; disabled_on=&#8220;on|on|on&#8220; _builder_version=&#8220;4.19.5&#8243; background_image=&#8220;https:\/\/www.dach-mit-sachverstand.de\/wp-content\/uploads\/Header-Home-MW.jpg&#8220; background_position=&#8220;top_center&#8220; custom_padding=&#8220;188px|0px|140px|0px|false|false&#8220; disabled=&#8220;on&#8220; global_colors_info=&#8220;{}&#8220;][et_pb_row column_structure=&#8220;1_2,1_2&#8243; _builder_version=&#8220;4.19.5&#8243; background_size=&#8220;initial&#8220; background_position=&#8220;top_left&#8220; background_repeat=&#8220;repeat&#8220; custom_margin=&#8220;-112px|300px|||false|false&#8220; custom_padding=&#8220;||||false|false&#8220; global_colors_info=&#8220;{}&#8220;][et_pb_column type=&#8220;1_2&#8243; _builder_version=&#8220;4.16&#8243; custom_padding=&#8220;|||&#8220; global_colors_info=&#8220;{}&#8220; custom_padding__hover=&#8220;|||&#8220;][\/et_pb_column][et_pb_column type=&#8220;1_2&#8243; _builder_version=&#8220;4.16&#8243; custom_padding=&#8220;|||&#8220; global_colors_info=&#8220;{}&#8220; custom_padding__hover=&#8220;|||&#8220;][et_pb_text _builder_version=&#8220;4.19.5&#8243; text_font=&#8220;|on|||&#8220; text_text_color=&#8220;#333333&#8243; text_font_size=&#8220;42px&#8220; text_line_height=&#8220;1em&#8220; text_font_size_tablet=&#8220;&#8220; text_font_size_phone=&#8220;37px&#8220; text_font_size_last_edited=&#8220;on|phone&#8220; header_font_size_last_edited=&#8220;off|desktop&#8220; global_colors_info=&#8220;{}&#8220;]<\/p>\n<p>Martin Weihsweiler<\/p>\n<p>[\/et_pb_text][et_pb_text _builder_version=&#8220;4.19.5&#8243; text_text_color=&#8220;#333333&#8243; text_font_size=&#8220;25px&#8220; text_line_height=&#8220;1.2em&#8220; background_enable_color=&#8220;off&#8220; text_font_size_tablet=&#8220;&#8220; text_font_size_phone=&#8220;19px&#8220; text_font_size_last_edited=&#8220;on|phone&#8220; header_font_size_phone=&#8220;14px&#8220; header_font_size_last_edited=&#8220;off|desktop&#8220; global_colors_info=&#8220;{}&#8220;]<\/p>\n<p>\u201eMit fachlicher Kompetenz und nachhaltigen Konzepten stehe ich meinen Kunden seit \u00fcber 30 Jahren in allen Dachfragen zur Seite.\u201c<\/p>\n<p>[\/et_pb_text][et_pb_button button_url=&#8220;https:\/\/www.dach-mit-sachverstand.de\/index.php\/steckbrief\/&#8220; button_text=&#8220;\u00dcber mich&#8220; button_alignment=&#8220;left&#8220; _builder_version=&#8220;4.19.5&#8243; global_colors_info=&#8220;{}&#8220; button_text_size__hover_enabled=&#8220;off&#8220; button_one_text_size__hover_enabled=&#8220;off&#8220; button_two_text_size__hover_enabled=&#8220;off&#8220; button_text_color__hover_enabled=&#8220;off&#8220; button_one_text_color__hover_enabled=&#8220;off&#8220; button_two_text_color__hover_enabled=&#8220;off&#8220; button_border_width__hover_enabled=&#8220;off&#8220; button_one_border_width__hover_enabled=&#8220;off&#8220; button_two_border_width__hover_enabled=&#8220;off&#8220; button_border_color__hover_enabled=&#8220;off&#8220; button_one_border_color__hover_enabled=&#8220;off&#8220; button_two_border_color__hover_enabled=&#8220;off&#8220; button_border_radius__hover_enabled=&#8220;off&#8220; button_one_border_radius__hover_enabled=&#8220;off&#8220; button_two_border_radius__hover_enabled=&#8220;off&#8220; button_letter_spacing__hover_enabled=&#8220;off&#8220; button_one_letter_spacing__hover_enabled=&#8220;off&#8220; button_two_letter_spacing__hover_enabled=&#8220;off&#8220; button_bg_color__hover_enabled=&#8220;off&#8220; button_one_bg_color__hover_enabled=&#8220;off&#8220; button_two_bg_color__hover_enabled=&#8220;off&#8220;][\/et_pb_button][\/et_pb_column][\/et_pb_row][\/et_pb_section][et_pb_section fb_built=&#8220;1&#8243; disabled_on=&#8220;on|on|on&#8220; _builder_version=&#8220;4.19.5&#8243; background_image=&#8220;https:\/\/www.dach-mit-sachverstand.de\/wp-content\/uploads\/Header-Home-MW.jpg&#8220; background_position=&#8220;top_center&#8220; custom_padding=&#8220;188px|0px|60px|0px|false|false&#8220; disabled=&#8220;on&#8220; global_colors_info=&#8220;{}&#8220;][et_pb_row column_structure=&#8220;1_2,1_2&#8243; _builder_version=&#8220;4.16&#8243; background_size=&#8220;initial&#8220; background_position=&#8220;top_left&#8220; background_repeat=&#8220;repeat&#8220; global_colors_info=&#8220;{}&#8220;][et_pb_column type=&#8220;1_2&#8243; _builder_version=&#8220;4.16&#8243; custom_padding=&#8220;|||&#8220; global_colors_info=&#8220;{}&#8220; custom_padding__hover=&#8220;|||&#8220;][\/et_pb_column][et_pb_column type=&#8220;1_2&#8243; _builder_version=&#8220;4.16&#8243; custom_padding=&#8220;|||&#8220; global_colors_info=&#8220;{}&#8220; custom_padding__hover=&#8220;|||&#8220;][et_pb_text _builder_version=&#8220;4.19.5&#8243; text_font=&#8220;|on|||&#8220; text_text_color=&#8220;#333333&#8243; text_font_size=&#8220;42px&#8220; text_line_height=&#8220;1em&#8220; text_font_size_tablet=&#8220;&#8220; text_font_size_phone=&#8220;37px&#8220; text_font_size_last_edited=&#8220;on|phone&#8220; header_font_size_last_edited=&#8220;off|desktop&#8220; global_colors_info=&#8220;{}&#8220;]<\/p>\n<p>Martin Weihsweiler<\/p>\n<p>[\/et_pb_text][et_pb_text _builder_version=&#8220;4.19.5&#8243; text_text_color=&#8220;#333333&#8243; text_font_size=&#8220;25px&#8220; text_line_height=&#8220;1.2em&#8220; background_enable_color=&#8220;off&#8220; text_font_size_tablet=&#8220;&#8220; text_font_size_phone=&#8220;19px&#8220; text_font_size_last_edited=&#8220;on|phone&#8220; header_font_size_phone=&#8220;14px&#8220; header_font_size_last_edited=&#8220;off|desktop&#8220; global_colors_info=&#8220;{}&#8220;]<\/p>\n<p>\u201eMit fachlicher Kompetenz und nachhaltigen Konzepten stehe ich meinen Kunden seit \u00fcber 30 Jahren in allen Dachfragen zur Seite.\u201c<\/p>\n<p>[\/et_pb_text][et_pb_button button_url=&#8220;https:\/\/www.dach-mit-sachverstand.de\/index.php\/steckbrief\/&#8220; button_text=&#8220;\u00dcber mich&#8220; button_alignment=&#8220;left&#8220; _builder_version=&#8220;4.19.5&#8243; global_colors_info=&#8220;{}&#8220; button_text_size__hover_enabled=&#8220;off&#8220; button_one_text_size__hover_enabled=&#8220;off&#8220; button_two_text_size__hover_enabled=&#8220;off&#8220; button_text_color__hover_enabled=&#8220;off&#8220; button_one_text_color__hover_enabled=&#8220;off&#8220; button_two_text_color__hover_enabled=&#8220;off&#8220; button_border_width__hover_enabled=&#8220;off&#8220; button_one_border_width__hover_enabled=&#8220;off&#8220; button_two_border_width__hover_enabled=&#8220;off&#8220; button_border_color__hover_enabled=&#8220;off&#8220; button_one_border_color__hover_enabled=&#8220;off&#8220; button_two_border_color__hover_enabled=&#8220;off&#8220; button_border_radius__hover_enabled=&#8220;off&#8220; button_one_border_radius__hover_enabled=&#8220;off&#8220; button_two_border_radius__hover_enabled=&#8220;off&#8220; button_letter_spacing__hover_enabled=&#8220;off&#8220; button_one_letter_spacing__hover_enabled=&#8220;off&#8220; button_two_letter_spacing__hover_enabled=&#8220;off&#8220; button_bg_color__hover_enabled=&#8220;off&#8220; button_one_bg_color__hover_enabled=&#8220;off&#8220; button_two_bg_color__hover_enabled=&#8220;off&#8220;][\/et_pb_button][\/et_pb_column][\/et_pb_row][\/et_pb_section][et_pb_section fb_built=&#8220;1&#8243; disabled_on=&#8220;on|on|on&#8220; _builder_version=&#8220;4.19.5&#8243; background_image=&#8220;https:\/\/www.dach-mit-sachverstand.de\/wp-content\/uploads\/Martin-W_Gruendach_Retusche_TV.jpg&#8220; background_position=&#8220;top_center&#8220; custom_padding=&#8220;185px|0px|60px|0px|false|false&#8220; disabled=&#8220;on&#8220; global_colors_info=&#8220;{}&#8220;][et_pb_row column_structure=&#8220;1_2,1_2&#8243; _builder_version=&#8220;4.16&#8243; background_size=&#8220;initial&#8220; background_position=&#8220;top_left&#8220; background_repeat=&#8220;repeat&#8220; global_colors_info=&#8220;{}&#8220;][et_pb_column type=&#8220;1_2&#8243; _builder_version=&#8220;4.16&#8243; custom_padding=&#8220;|||&#8220; global_colors_info=&#8220;{}&#8220; custom_padding__hover=&#8220;|||&#8220;][\/et_pb_column][et_pb_column type=&#8220;1_2&#8243; _builder_version=&#8220;4.16&#8243; custom_padding=&#8220;|||&#8220; global_colors_info=&#8220;{}&#8220; custom_padding__hover=&#8220;|||&#8220;][et_pb_text _builder_version=&#8220;4.19.5&#8243; text_font=&#8220;|on|||&#8220; text_text_color=&#8220;#333333&#8243; text_font_size=&#8220;42px&#8220; text_line_height=&#8220;1em&#8220; text_font_size_tablet=&#8220;&#8220; text_font_size_phone=&#8220;37px&#8220; text_font_size_last_edited=&#8220;on|phone&#8220; header_font_size_last_edited=&#8220;off|desktop&#8220; global_colors_info=&#8220;{}&#8220;]<\/p>\n<p>Martin Weihsweiler<\/p>\n<p>[\/et_pb_text][et_pb_text _builder_version=&#8220;4.19.5&#8243; text_text_color=&#8220;#333333&#8243; text_font_size=&#8220;25px&#8220; text_line_height=&#8220;1.2em&#8220; background_enable_color=&#8220;off&#8220; text_font_size_tablet=&#8220;&#8220; text_font_size_phone=&#8220;19px&#8220; text_font_size_last_edited=&#8220;on|phone&#8220; header_font_size_phone=&#8220;14px&#8220; header_font_size_last_edited=&#8220;off|desktop&#8220; global_colors_info=&#8220;{}&#8220;]<\/p>\n<p>\u201eMit fachlicher Kompetenz und nachhaltigen Konzepten stehe ich meinen Kunden seit \u00fcber 30 Jahren in allen Dachfragen zur Seite.\u201c<\/p>\n<p>[\/et_pb_text][et_pb_button button_url=&#8220;https:\/\/www.dach-mit-sachverstand.de\/index.php\/steckbrief\/&#8220; button_text=&#8220;\u00dcber mich&#8220; button_alignment=&#8220;left&#8220; _builder_version=&#8220;4.19.5&#8243; global_colors_info=&#8220;{}&#8220; button_text_size__hover_enabled=&#8220;off&#8220; button_one_text_size__hover_enabled=&#8220;off&#8220; button_two_text_size__hover_enabled=&#8220;off&#8220; button_text_color__hover_enabled=&#8220;off&#8220; button_one_text_color__hover_enabled=&#8220;off&#8220; button_two_text_color__hover_enabled=&#8220;off&#8220; button_border_width__hover_enabled=&#8220;off&#8220; button_one_border_width__hover_enabled=&#8220;off&#8220; button_two_border_width__hover_enabled=&#8220;off&#8220; button_border_color__hover_enabled=&#8220;off&#8220; button_one_border_color__hover_enabled=&#8220;off&#8220; button_two_border_color__hover_enabled=&#8220;off&#8220; button_border_radius__hover_enabled=&#8220;off&#8220; button_one_border_radius__hover_enabled=&#8220;off&#8220; button_two_border_radius__hover_enabled=&#8220;off&#8220; button_letter_spacing__hover_enabled=&#8220;off&#8220; button_one_letter_spacing__hover_enabled=&#8220;off&#8220; button_two_letter_spacing__hover_enabled=&#8220;off&#8220; button_bg_color__hover_enabled=&#8220;off&#8220; button_one_bg_color__hover_enabled=&#8220;off&#8220; button_two_bg_color__hover_enabled=&#8220;off&#8220;][\/et_pb_button][\/et_pb_column][\/et_pb_row][\/et_pb_section][et_pb_section fb_built=&#8220;1&#8243; disabled_on=&#8220;on|on|on&#8220; _builder_version=&#8220;4.19.5&#8243; background_image=&#8220;https:\/\/www.dach-mit-sachverstand.de\/wp-content\/uploads\/Martin-W_Gruendach_Retusche.jpg&#8220; background_position=&#8220;top_center&#8220; custom_padding=&#8220;188px|0px|60px|0px|false|false&#8220; disabled=&#8220;on&#8220; global_colors_info=&#8220;{}&#8220;][et_pb_row column_structure=&#8220;1_2,1_2&#8243; _builder_version=&#8220;4.16&#8243; background_size=&#8220;initial&#8220; background_position=&#8220;top_left&#8220; background_repeat=&#8220;repeat&#8220; global_colors_info=&#8220;{}&#8220;][et_pb_column type=&#8220;1_2&#8243; _builder_version=&#8220;4.16&#8243; custom_padding=&#8220;|||&#8220; global_colors_info=&#8220;{}&#8220; custom_padding__hover=&#8220;|||&#8220;][\/et_pb_column][et_pb_column type=&#8220;1_2&#8243; _builder_version=&#8220;4.16&#8243; custom_padding=&#8220;|||&#8220; global_colors_info=&#8220;{}&#8220; custom_padding__hover=&#8220;|||&#8220;][et_pb_text _builder_version=&#8220;4.19.5&#8243; text_font=&#8220;|on|||&#8220; text_text_color=&#8220;#333333&#8243; text_font_size=&#8220;42px&#8220; text_line_height=&#8220;1em&#8220; text_font_size_tablet=&#8220;&#8220; text_font_size_phone=&#8220;37px&#8220; text_font_size_last_edited=&#8220;on|phone&#8220; header_font_size_last_edited=&#8220;off|desktop&#8220; global_colors_info=&#8220;{}&#8220;]<\/p>\n<p>Martin Weihsweiler<\/p>\n<p>[\/et_pb_text][et_pb_text _builder_version=&#8220;4.19.5&#8243; text_text_color=&#8220;#333333&#8243; text_font_size=&#8220;25px&#8220; text_line_height=&#8220;1.2em&#8220; background_enable_color=&#8220;off&#8220; text_font_size_tablet=&#8220;&#8220; text_font_size_phone=&#8220;19px&#8220; text_font_size_last_edited=&#8220;on|phone&#8220; header_font_size_phone=&#8220;14px&#8220; header_font_size_last_edited=&#8220;off|desktop&#8220; global_colors_info=&#8220;{}&#8220;]<\/p>\n<p>\u201eMit fachlicher Kompetenz und nachhaltigen Konzepten stehe ich meinen Kunden seit \u00fcber 30 Jahren in allen Dachfragen zur Seite.\u201c<\/p>\n<p>[\/et_pb_text][et_pb_button button_url=&#8220;https:\/\/www.dach-mit-sachverstand.de\/index.php\/steckbrief\/&#8220; button_text=&#8220;\u00dcber mich&#8220; button_alignment=&#8220;left&#8220; _builder_version=&#8220;4.19.5&#8243; global_colors_info=&#8220;{}&#8220; button_text_size__hover_enabled=&#8220;off&#8220; button_one_text_size__hover_enabled=&#8220;off&#8220; button_two_text_size__hover_enabled=&#8220;off&#8220; button_text_color__hover_enabled=&#8220;off&#8220; button_one_text_color__hover_enabled=&#8220;off&#8220; button_two_text_color__hover_enabled=&#8220;off&#8220; button_border_width__hover_enabled=&#8220;off&#8220; button_one_border_width__hover_enabled=&#8220;off&#8220; button_two_border_width__hover_enabled=&#8220;off&#8220; button_border_color__hover_enabled=&#8220;off&#8220; button_one_border_color__hover_enabled=&#8220;off&#8220; button_two_border_color__hover_enabled=&#8220;off&#8220; button_border_radius__hover_enabled=&#8220;off&#8220; button_one_border_radius__hover_enabled=&#8220;off&#8220; button_two_border_radius__hover_enabled=&#8220;off&#8220; button_letter_spacing__hover_enabled=&#8220;off&#8220; button_one_letter_spacing__hover_enabled=&#8220;off&#8220; button_two_letter_spacing__hover_enabled=&#8220;off&#8220; button_bg_color__hover_enabled=&#8220;off&#8220; button_one_bg_color__hover_enabled=&#8220;off&#8220; button_two_bg_color__hover_enabled=&#8220;off&#8220;][\/et_pb_button][\/et_pb_column][\/et_pb_row][\/et_pb_section][et_pb_section fb_built=&#8220;1&#8243; disabled_on=&#8220;on|on|on&#8220; _builder_version=&#8220;4.19.5&#8243; background_image=&#8220;https:\/\/www.dach-mit-sachverstand.de\/wp-content\/uploads\/Martin-W_Gruendach_Retusche.jpg&#8220; background_position=&#8220;top_center&#8220; custom_padding=&#8220;188px|0px|60px|0px|false|false&#8220; disabled=&#8220;on&#8220; global_colors_info=&#8220;{}&#8220;][et_pb_row column_structure=&#8220;1_2,1_2&#8243; _builder_version=&#8220;4.19.5&#8243; background_size=&#8220;initial&#8220; background_position=&#8220;top_left&#8220; background_repeat=&#8220;repeat&#8220; global_colors_info=&#8220;{}&#8220;][et_pb_column type=&#8220;1_2&#8243; _builder_version=&#8220;4.16&#8243; custom_padding=&#8220;|||&#8220; global_colors_info=&#8220;{}&#8220; custom_padding__hover=&#8220;|||&#8220;][\/et_pb_column][et_pb_column type=&#8220;1_2&#8243; _builder_version=&#8220;4.19.5&#8243; background_color=&#8220;rgba(255,255,255,0.69)&#8220; custom_padding=&#8220;|||&#8220; global_colors_info=&#8220;{}&#8220; custom_padding__hover=&#8220;|||&#8220;][et_pb_text _builder_version=&#8220;4.19.5&#8243; text_font=&#8220;|on|||&#8220; text_text_color=&#8220;#333333&#8243; text_font_size=&#8220;42px&#8220; text_line_height=&#8220;1em&#8220; custom_margin=&#8220;20px|||20px|false|false&#8220; text_font_size_tablet=&#8220;&#8220; text_font_size_phone=&#8220;37px&#8220; text_font_size_last_edited=&#8220;on|phone&#8220; header_font_size_last_edited=&#8220;off|desktop&#8220; global_colors_info=&#8220;{}&#8220;]<\/p>\n<p>Martin Weihsweiler<\/p>\n<p>[\/et_pb_text][et_pb_text _builder_version=&#8220;4.19.5&#8243; text_text_color=&#8220;#333333&#8243; text_font_size=&#8220;25px&#8220; text_line_height=&#8220;1.2em&#8220; background_enable_color=&#8220;off&#8220; custom_margin=&#8220;20px|20px|20px|20px|false|false&#8220; text_font_size_tablet=&#8220;&#8220; text_font_size_phone=&#8220;19px&#8220; text_font_size_last_edited=&#8220;on|phone&#8220; header_font_size_phone=&#8220;14px&#8220; header_font_size_last_edited=&#8220;off|desktop&#8220; global_colors_info=&#8220;{}&#8220;]<\/p>\n<p>\u201eMit fachlicher Kompetenz und nachhaltigen Konzepten stehe ich meinen Kunden seit \u00fcber 30 Jahren in allen Dachfragen zur Seite.\u201c<\/p>\n<p>[\/et_pb_text][\/et_pb_column][\/et_pb_row][et_pb_row column_structure=&#8220;1_2,1_2&#8243; _builder_version=&#8220;4.19.5&#8243; background_size=&#8220;initial&#8220; background_position=&#8220;top_left&#8220; background_repeat=&#8220;repeat&#8220; custom_margin=&#8220;-20px||||false|false&#8220; global_colors_info=&#8220;{}&#8220;][et_pb_column type=&#8220;1_2&#8243; _builder_version=&#8220;4.16&#8243; custom_padding=&#8220;|||&#8220; global_colors_info=&#8220;{}&#8220; custom_padding__hover=&#8220;|||&#8220;][\/et_pb_column][et_pb_column type=&#8220;1_2&#8243; _builder_version=&#8220;4.19.5&#8243; background_color=&#8220;RGBA(255,255,255,0)&#8220; custom_padding=&#8220;|||&#8220; global_colors_info=&#8220;{}&#8220; custom_padding__hover=&#8220;|||&#8220;][et_pb_button button_url=&#8220;https:\/\/www.dach-mit-sachverstand.de\/index.php\/steckbrief\/&#8220; button_text=&#8220;\u00dcber mich&#8220; button_alignment=&#8220;left&#8220; _builder_version=&#8220;4.19.5&#8243; global_colors_info=&#8220;{}&#8220; button_text_size__hover_enabled=&#8220;off&#8220; button_one_text_size__hover_enabled=&#8220;off&#8220; button_two_text_size__hover_enabled=&#8220;off&#8220; button_text_color__hover_enabled=&#8220;off&#8220; button_one_text_color__hover_enabled=&#8220;off&#8220; button_two_text_color__hover_enabled=&#8220;off&#8220; button_border_width__hover_enabled=&#8220;off&#8220; button_one_border_width__hover_enabled=&#8220;off&#8220; button_two_border_width__hover_enabled=&#8220;off&#8220; button_border_color__hover_enabled=&#8220;off&#8220; button_one_border_color__hover_enabled=&#8220;off&#8220; button_two_border_color__hover_enabled=&#8220;off&#8220; button_border_radius__hover_enabled=&#8220;off&#8220; button_one_border_radius__hover_enabled=&#8220;off&#8220; button_two_border_radius__hover_enabled=&#8220;off&#8220; button_letter_spacing__hover_enabled=&#8220;off&#8220; button_one_letter_spacing__hover_enabled=&#8220;off&#8220; button_two_letter_spacing__hover_enabled=&#8220;off&#8220; button_bg_color__hover_enabled=&#8220;off&#8220; button_one_bg_color__hover_enabled=&#8220;off&#8220; button_two_bg_color__hover_enabled=&#8220;off&#8220;][\/et_pb_button][\/et_pb_column][\/et_pb_row][\/et_pb_section][et_pb_section fb_built=&#8220;1&#8243; custom_padding_last_edited=&#8220;on|tablet&#8220; disabled_on=&#8220;on|on|on&#8220; _builder_version=&#8220;4.19.5&#8243; background_image=&#8220;https:\/\/www.dach-mit-sachverstand.de\/wp-content\/uploads\/head-portrait19.jpg&#8220; background_position=&#8220;top_center&#8220; custom_padding=&#8220;188px|0px|60px|0px|false|false&#8220; custom_padding_tablet=&#8220;188px|0px|60px|0px|false|false&#8220; custom_padding_phone=&#8220;188px|0px|60px|0px|false|false&#8220; disabled=&#8220;on&#8220; global_colors_info=&#8220;{}&#8220;][et_pb_row column_structure=&#8220;1_2,1_2&#8243; _builder_version=&#8220;4.16&#8243; background_size=&#8220;initial&#8220; background_position=&#8220;top_left&#8220; background_repeat=&#8220;repeat&#8220; global_colors_info=&#8220;{}&#8220;][et_pb_column type=&#8220;1_2&#8243; _builder_version=&#8220;4.16&#8243; custom_padding=&#8220;|||&#8220; global_colors_info=&#8220;{}&#8220; custom_padding__hover=&#8220;|||&#8220;][\/et_pb_column][et_pb_column type=&#8220;1_2&#8243; _builder_version=&#8220;4.16&#8243; custom_padding=&#8220;|||&#8220; global_colors_info=&#8220;{}&#8220; custom_padding__hover=&#8220;|||&#8220;][et_pb_text _builder_version=&#8220;4.16&#8243; text_font=&#8220;|on|||&#8220; text_text_color=&#8220;#333333&#8243; text_font_size=&#8220;42px&#8220; text_line_height=&#8220;1em&#8220; text_font_size_tablet=&#8220;&#8220; text_font_size_phone=&#8220;37px&#8220; text_font_size_last_edited=&#8220;on|phone&#8220; header_font_size_last_edited=&#8220;off|desktop&#8220; custom_css_main_element=&#8220; text-shadow: 1px 1px 0px rgba(255, 255, 255, 1);&#8220; global_colors_info=&#8220;{}&#8220;]Martin Weihsweiler<br \/>\n[\/et_pb_text][et_pb_text _builder_version=&#8220;4.19.5&#8243; text_text_color=&#8220;#333333&#8243; text_font_size=&#8220;25px&#8220; text_line_height=&#8220;1.2em&#8220; text_font_size_tablet=&#8220;&#8220; text_font_size_phone=&#8220;19px&#8220; text_font_size_last_edited=&#8220;on|phone&#8220; header_font_size_phone=&#8220;14px&#8220; header_font_size_last_edited=&#8220;off|desktop&#8220; custom_css_main_element=&#8220; text-shadow: 1px 1px 0px rgba(255, 255, 255, 1);&#8220; global_colors_info=&#8220;{}&#8220;]\u201eMit fachlicher Kompetenz und nachhaltigen Konzepten stehe ich meinen Kunden seit \u00fcber 30 Jahren in allen Dachfragen zur Seite.\u201c [\/et_pb_text][et_pb_button button_url=&#8220;https:\/\/www.dach-mit-sachverstand.de\/index.php\/steckbrief\/&#8220; button_text=&#8220;\u00dcber mich&#8220; button_alignment=&#8220;left&#8220; _builder_version=&#8220;4.19.5&#8243; global_colors_info=&#8220;{}&#8220; button_text_size__hover_enabled=&#8220;off&#8220; button_one_text_size__hover_enabled=&#8220;off&#8220; button_two_text_size__hover_enabled=&#8220;off&#8220; button_text_color__hover_enabled=&#8220;off&#8220; button_one_text_color__hover_enabled=&#8220;off&#8220; button_two_text_color__hover_enabled=&#8220;off&#8220; button_border_width__hover_enabled=&#8220;off&#8220; button_one_border_width__hover_enabled=&#8220;off&#8220; button_two_border_width__hover_enabled=&#8220;off&#8220; button_border_color__hover_enabled=&#8220;off&#8220; button_one_border_color__hover_enabled=&#8220;off&#8220; button_two_border_color__hover_enabled=&#8220;off&#8220; button_border_radius__hover_enabled=&#8220;off&#8220; button_one_border_radius__hover_enabled=&#8220;off&#8220; button_two_border_radius__hover_enabled=&#8220;off&#8220; button_letter_spacing__hover_enabled=&#8220;off&#8220; button_one_letter_spacing__hover_enabled=&#8220;off&#8220; button_two_letter_spacing__hover_enabled=&#8220;off&#8220; button_bg_color__hover_enabled=&#8220;off&#8220; button_one_bg_color__hover_enabled=&#8220;off&#8220; button_two_bg_color__hover_enabled=&#8220;off&#8220;][\/et_pb_button][\/et_pb_column][\/et_pb_row][\/et_pb_section][et_pb_section fb_built=&#8220;1&#8243; _builder_version=&#8220;4.16&#8243; global_colors_info=&#8220;{}&#8220;][et_pb_row _builder_version=&#8220;4.16&#8243; background_size=&#8220;initial&#8220; background_position=&#8220;top_left&#8220; background_repeat=&#8220;repeat&#8220; global_colors_info=&#8220;{}&#8220;][et_pb_column type=&#8220;4_4&#8243; _builder_version=&#8220;4.16&#8243; custom_padding=&#8220;|||&#8220; global_colors_info=&#8220;{}&#8220; custom_padding__hover=&#8220;|||&#8220;][et_pb_text _builder_version=&#8220;4.19.5&#8243; text_orientation=&#8220;center&#8220; module_alignment=&#8220;center&#8220; global_colors_info=&#8220;{}&#8220;]<\/p>\n<h1><span style=\"color: #363a93;\">Sachverst\u00e4ndiger mit Dachverstand<\/span><\/h1>\n<h2>F\u00fcr jedes Dach die richtige L\u00f6sung<\/h2>\n<p>[\/et_pb_text][et_pb_divider divider_weight=&#8220;2px&#8220; _builder_version=&#8220;4.16&#8243; max_width=&#8220;18%&#8220; module_alignment=&#8220;center&#8220; height=&#8220;0px&#8220; global_colors_info=&#8220;{}&#8220;][\/et_pb_divider][\/et_pb_column][\/et_pb_row][et_pb_row _builder_version=&#8220;4.16&#8243; background_size=&#8220;initial&#8220; background_position=&#8220;top_left&#8220; background_repeat=&#8220;repeat&#8220; global_colors_info=&#8220;{}&#8220;][et_pb_column type=&#8220;4_4&#8243; _builder_version=&#8220;4.16&#8243; custom_padding=&#8220;|||&#8220; global_colors_info=&#8220;{}&#8220; custom_padding__hover=&#8220;|||&#8220;][et_pb_text _builder_version=&#8220;4.19.5&#8243; text_orientation=&#8220;center&#8220; module_alignment=&#8220;center&#8220; global_colors_info=&#8220;{}&#8220;]<\/p>\n<p style=\"text-align: center;\">Sie ben\u00f6tigen ein Dachgutachten oder interessieren sich f\u00fcr nachhaltige Sanierungskonzepte und wohngesundes Bauen? Dabei legen Sie Wert auf Neutralit\u00e4t und hohe Fachkompetenz? Als vereidigter Sachverst\u00e4ndiger bin ich in allen Fragen zum Thema Dach f\u00fcr Sie da. Mit Qualit\u00e4t, Verantwortungsbewusstsein und \u00fcber 30 Jahren Erfahrung, unter anderem als Gesch\u00e4ftsf\u00fchrer im eigenen Dachdecker-Betrieb. Jedes Dach ist anders \u2013 ich besch\u00e4ftige mich individuell mit jedem Fall und finde eine L\u00f6sung.<\/p>\n<p>[\/et_pb_text][et_pb_button button_url=&#8220;https:\/\/www.dach-mit-sachverstand.de\/index.php\/kontakt\/&#8220; button_text=&#8220;Kontakt aufnehmen&#8220; button_alignment=&#8220;center&#8220; disabled_on=&#8220;off|off|off&#8220; _builder_version=&#8220;4.16&#8243; global_colors_info=&#8220;{}&#8220; button_text_size__hover_enabled=&#8220;off&#8220; button_one_text_size__hover_enabled=&#8220;off&#8220; button_two_text_size__hover_enabled=&#8220;off&#8220; button_text_color__hover_enabled=&#8220;off&#8220; button_one_text_color__hover_enabled=&#8220;off&#8220; button_two_text_color__hover_enabled=&#8220;off&#8220; button_border_width__hover_enabled=&#8220;off&#8220; button_one_border_width__hover_enabled=&#8220;off&#8220; button_two_border_width__hover_enabled=&#8220;off&#8220; button_border_color__hover_enabled=&#8220;off&#8220; button_one_border_color__hover_enabled=&#8220;off&#8220; button_two_border_color__hover_enabled=&#8220;off&#8220; button_border_radius__hover_enabled=&#8220;off&#8220; button_one_border_radius__hover_enabled=&#8220;off&#8220; button_two_border_radius__hover_enabled=&#8220;off&#8220; button_letter_spacing__hover_enabled=&#8220;off&#8220; button_one_letter_spacing__hover_enabled=&#8220;off&#8220; button_two_letter_spacing__hover_enabled=&#8220;off&#8220; button_bg_color__hover_enabled=&#8220;off&#8220; button_one_bg_color__hover_enabled=&#8220;off&#8220; button_two_bg_color__hover_enabled=&#8220;off&#8220;][\/et_pb_button][\/et_pb_column][\/et_pb_row][\/et_pb_section][et_pb_section fb_built=&#8220;1&#8243; inner_shadow=&#8220;on&#8220; _builder_version=&#8220;4.19.5&#8243; background_color=&#8220;#f2f2f2&#8243; background_color_gradient_direction=&#8220;174deg&#8220; background_image=&#8220;https:\/\/www.dach-mit-sachverstand.de\/wp-content\/uploads\/Parallax-Home5.jpg&#8220; parallax=&#8220;on&#8220; global_colors_info=&#8220;{}&#8220;][et_pb_row column_structure=&#8220;1_3,1_3,1_3&#8243; _builder_version=&#8220;4.16&#8243; background_size=&#8220;initial&#8220; background_position=&#8220;top_left&#8220; background_repeat=&#8220;repeat&#8220; global_colors_info=&#8220;{}&#8220;][et_pb_column type=&#8220;1_3&#8243; _builder_version=&#8220;4.16&#8243; custom_padding=&#8220;|||&#8220; global_colors_info=&#8220;{}&#8220; custom_padding__hover=&#8220;|||&#8220;][et_pb_blurb title=&#8220;Leistungen&#8220; url=&#8220;https:\/\/www.dach-mit-sachverstand.de\/index.php\/leistungen-neu\/&#8220; use_icon=&#8220;on&#8220; font_icon=&#8220;&#xe0f9;||divi||400&#8243; icon_color=&#8220;#363a93&#8243; icon_placement=&#8220;left&#8220; _builder_version=&#8220;4.19.5&#8243; global_colors_info=&#8220;{}&#8220;]<\/p>\n<p><span style=\"color: #000000;\">Vielf\u00e4ltige Aufgaben als \u00f6ffentlicher bestellter und vereidigter Dachsachverst\u00e4ndiger.<\/span><\/p>\n<p>[\/et_pb_blurb][\/et_pb_column][et_pb_column type=&#8220;1_3&#8243; _builder_version=&#8220;4.16&#8243; custom_padding=&#8220;|||&#8220; global_colors_info=&#8220;{}&#8220; custom_padding__hover=&#8220;|||&#8220;][et_pb_blurb title=&#8220;\u00dcber mich&#8220; url=&#8220;https:\/\/www.dach-mit-sachverstand.de\/index.php\/ueber-mich\/&#8220; use_icon=&#8220;on&#8220; font_icon=&#8220;&#xe0e6;||divi||400&#8243; icon_color=&#8220;#363a93&#8243; icon_placement=&#8220;left&#8220; _builder_version=&#8220;4.19.5&#8243; global_colors_info=&#8220;{}&#8220;]<\/p>\n<p><span style=\"color: #000000;\">Als Sachverst\u00e4ndiger mit Dachverstand biete ich meine fachliche Kompetenz bei allen Fragen zum Dach.<\/span><\/p>\n<p>[\/et_pb_blurb][\/et_pb_column][et_pb_column type=&#8220;1_3&#8243; _builder_version=&#8220;4.16&#8243; custom_padding=&#8220;|||&#8220; global_colors_info=&#8220;{}&#8220; custom_padding__hover=&#8220;|||&#8220;][et_pb_blurb title=&#8220;Preise&#8220; url=&#8220;https:\/\/www.dach-mit-sachverstand.de\/index.php\/preise.neu\/&#8220; use_icon=&#8220;on&#8220; font_icon=&#8220;&#xe0db;||divi||400&#8243; icon_color=&#8220;#363a93&#8243; icon_placement=&#8220;left&#8220; _builder_version=&#8220;4.19.5&#8243; global_colors_info=&#8220;{}&#8220;]<\/p>\n<p><span style=\"color: #000000;\">Meine Preise gestalten sich sehr differenziert und richten sich nach den individuellen Problemstellungen.<\/span><\/p>\n<p>[\/et_pb_blurb][\/et_pb_column][\/et_pb_row][\/et_pb_section][et_pb_section fb_built=&#8220;1&#8243; inner_shadow=&#8220;on&#8220; disabled_on=&#8220;on|on|on&#8220; _builder_version=&#8220;4.19.5&#8243; background_color=&#8220;#f2f2f2&#8243; background_color_gradient_direction=&#8220;174deg&#8220; background_image=&#8220;https:\/\/www.dach-mit-sachverstand.de\/wp-content\/uploads\/Parallax-Home3.jpg&#8220; parallax=&#8220;on&#8220; disabled=&#8220;on&#8220; global_colors_info=&#8220;{}&#8220;][et_pb_row column_structure=&#8220;1_3,1_3,1_3&#8243; _builder_version=&#8220;4.16&#8243; background_size=&#8220;initial&#8220; background_position=&#8220;top_left&#8220; background_repeat=&#8220;repeat&#8220; global_colors_info=&#8220;{}&#8220;][et_pb_column type=&#8220;1_3&#8243; _builder_version=&#8220;4.16&#8243; custom_padding=&#8220;|||&#8220; global_colors_info=&#8220;{}&#8220; custom_padding__hover=&#8220;|||&#8220;][et_pb_blurb title=&#8220;Leistungen&#8220; url=&#8220;https:\/\/www.dach-mit-sachverstand.de\/index.php\/leistungen\/&#8220; use_icon=&#8220;on&#8220; font_icon=&#8220;&#xe0f9;||divi||400&#8243; icon_color=&#8220;#363a93&#8243; icon_placement=&#8220;left&#8220; _builder_version=&#8220;4.19.5&#8243; global_colors_info=&#8220;{}&#8220;]<\/p>\n<p><span style=\"color: #000000;\">Vielf\u00e4ltige Aufgaben als \u00f6ffentlicher bestellter und vereidigter Dachsachverst\u00e4ndiger.<\/span><\/p>\n<p>[\/et_pb_blurb][\/et_pb_column][et_pb_column type=&#8220;1_3&#8243; _builder_version=&#8220;4.16&#8243; custom_padding=&#8220;|||&#8220; global_colors_info=&#8220;{}&#8220; custom_padding__hover=&#8220;|||&#8220;][et_pb_blurb title=&#8220;Steckbrief&#8220; url=&#8220;https:\/\/www.dach-mit-sachverstand.de\/index.php\/steckbrief\/&#8220; use_icon=&#8220;on&#8220; font_icon=&#8220;&#xe0e6;||divi||400&#8243; icon_color=&#8220;#363a93&#8243; icon_placement=&#8220;left&#8220; _builder_version=&#8220;4.19.5&#8243; global_colors_info=&#8220;{}&#8220;]<\/p>\n<p><span style=\"color: #000000;\">Als Sachverst\u00e4ndiger mit Dachverstand biete ich meine fachliche Kompetenz bei allen Fragen zum Dach.<\/span><\/p>\n<p>[\/et_pb_blurb][\/et_pb_column][et_pb_column type=&#8220;1_3&#8243; _builder_version=&#8220;4.16&#8243; custom_padding=&#8220;|||&#8220; global_colors_info=&#8220;{}&#8220; custom_padding__hover=&#8220;|||&#8220;][et_pb_blurb title=&#8220;Preise&#8220; url=&#8220;https:\/\/www.dach-mit-sachverstand.de\/index.php\/preise\/&#8220; use_icon=&#8220;on&#8220; font_icon=&#8220;&#xe0db;||divi||400&#8243; icon_color=&#8220;#363a93&#8243; icon_placement=&#8220;left&#8220; _builder_version=&#8220;4.19.5&#8243; global_colors_info=&#8220;{}&#8220;]<\/p>\n<p><span style=\"color: #000000;\">Meine Preise gestalten sich sehr differenziert und richten sich nach den individuellen Problemstellungen.<\/span><\/p>\n<p>[\/et_pb_blurb][\/et_pb_column][\/et_pb_row][\/et_pb_section][et_pb_section fb_built=&#8220;1&#8243; _builder_version=&#8220;4.16&#8243; global_colors_info=&#8220;{}&#8220;][et_pb_row _builder_version=&#8220;4.16&#8243; background_size=&#8220;initial&#8220; background_position=&#8220;top_left&#8220; background_repeat=&#8220;repeat&#8220; global_colors_info=&#8220;{}&#8220;][et_pb_column type=&#8220;4_4&#8243; _builder_version=&#8220;4.16&#8243; custom_padding=&#8220;|||&#8220; global_colors_info=&#8220;{}&#8220; custom_padding__hover=&#8220;|||&#8220;][et_pb_text _builder_version=&#8220;4.19.5&#8243; text_orientation=&#8220;center&#8220; module_alignment=&#8220;center&#8220; global_colors_info=&#8220;{}&#8220;]<\/p>\n<h1>Verantwortung f\u00fcr die Zukunft <\/h1>\n<p>[\/et_pb_text][et_pb_divider divider_weight=&#8220;2px&#8220; _builder_version=&#8220;4.16&#8243; max_width=&#8220;18%&#8220; module_alignment=&#8220;center&#8220; height=&#8220;0px&#8220; global_colors_info=&#8220;{}&#8220;][\/et_pb_divider][\/et_pb_column][\/et_pb_row][et_pb_row _builder_version=&#8220;4.16&#8243; background_size=&#8220;initial&#8220; background_position=&#8220;top_left&#8220; background_repeat=&#8220;repeat&#8220; global_colors_info=&#8220;{}&#8220;][et_pb_column type=&#8220;4_4&#8243; _builder_version=&#8220;4.16&#8243; custom_padding=&#8220;|||&#8220; global_colors_info=&#8220;{}&#8220; custom_padding__hover=&#8220;|||&#8220;][et_pb_text _builder_version=&#8220;4.19.5&#8243; text_orientation=&#8220;center&#8220; module_alignment=&#8220;center&#8220; global_colors_info=&#8220;{}&#8220;]<\/p>\n<p style=\"text-align: center;\">Verantwortung ist f\u00fcr mich das A und O. Sowohl f\u00fcr die Bauprojekte meiner Kunden als auch f\u00fcr die Zukunft unseres Planeten. Deshalb hat f\u00fcr mich das Thema Nachhaltigkeit einen hohen Stellenwert. Gerne zeige ich Ihnen, wie Sie mit einer nachhaltigen Bauweise nicht nur der Umwelt, sondern auch Ihrem eigenen Geldbeutel einen Gefallen tun. Erfahren Sie mehr! <\/p>\n<p>[\/et_pb_text][et_pb_button button_url=&#8220;https:\/\/www.dach-mit-sachverstand.de\/index.php\/verantwortung\/&#8220; button_text=&#8220;Verantwortung&#8220; button_alignment=&#8220;center&#8220; _builder_version=&#8220;4.19.5&#8243; global_colors_info=&#8220;{}&#8220; button_text_size__hover_enabled=&#8220;off&#8220; button_one_text_size__hover_enabled=&#8220;off&#8220; button_two_text_size__hover_enabled=&#8220;off&#8220; button_text_color__hover_enabled=&#8220;off&#8220; button_one_text_color__hover_enabled=&#8220;off&#8220; button_two_text_color__hover_enabled=&#8220;off&#8220; button_border_width__hover_enabled=&#8220;off&#8220; button_one_border_width__hover_enabled=&#8220;off&#8220; button_two_border_width__hover_enabled=&#8220;off&#8220; button_border_color__hover_enabled=&#8220;off&#8220; button_one_border_color__hover_enabled=&#8220;off&#8220; button_two_border_color__hover_enabled=&#8220;off&#8220; button_border_radius__hover_enabled=&#8220;off&#8220; button_one_border_radius__hover_enabled=&#8220;off&#8220; button_two_border_radius__hover_enabled=&#8220;off&#8220; button_letter_spacing__hover_enabled=&#8220;off&#8220; button_one_letter_spacing__hover_enabled=&#8220;off&#8220; button_two_letter_spacing__hover_enabled=&#8220;off&#8220; button_bg_color__hover_enabled=&#8220;off&#8220; button_one_bg_color__hover_enabled=&#8220;off&#8220; button_two_bg_color__hover_enabled=&#8220;off&#8220;][\/et_pb_button][\/et_pb_column][\/et_pb_row][\/et_pb_section]<\/p>\n","protected":false},"excerpt":{"rendered":"<p>Martin Weihsweiler\u201eMit fachlicher Kompetenz und nachhaltigen Konzepten stehe ich meinen Kunden seit \u00fcber 30 Jahren in allen Dachfragen zur Seite.\u201cMartin Weihsweiler\u201eMit fachlicher Kompetenz und nachhaltigen Konzepten stehe ich meinen Kunden seit \u00fcber 30 Jahren in allen Dachfragen zur Seite.\u201cMartin Weihsweiler\u201eMit fachlicher Kompetenz und nachhaltigen Konzepten stehe ich meinen Kunden seit \u00fcber 30 Jahren in allen [&hellip;]<\/p>\n","protected":false},"author":2,"featured_media":0,"parent":0,"menu_order":0,"comment_status":"closed","ping_status":"closed","template":"","meta":{"_et_pb_use_builder":"on","_et_pb_old_content":"","_et_gb_content_width":"","footnotes":""},"class_list":["post-308","page","type-page","status-publish","hentry"],"yoast_head":"<!-- This site is optimized with the Yoast SEO plugin v27.1.1 - https:\/\/yoast.com\/product\/yoast-seo-wordpress\/ -->\n<title>Startseite neu - Dachsachverst\u00e4ndiger Martin Weihsweiler<\/title>\n<meta name=\"robots\" content=\"index, follow, max-snippet:-1, max-image-preview:large, max-video-preview:-1\" \/>\n<link rel=\"canonical\" href=\"https:\/\/www.dach-mit-sachverstand.de\/\" \/>\n<meta property=\"og:locale\" content=\"de_DE\" \/>\n<meta property=\"og:type\" content=\"article\" \/>\n<meta property=\"og:title\" content=\"Startseite neu - Dachsachverst\u00e4ndiger Martin Weihsweiler\" \/>\n<meta property=\"og:description\" content=\"Martin Weihsweiler\u201eMit fachlicher Kompetenz und nachhaltigen Konzepten stehe ich meinen Kunden seit \u00fcber 30 Jahren in allen Dachfragen zur Seite.\u201cMartin Weihsweiler\u201eMit fachlicher Kompetenz und nachhaltigen Konzepten stehe ich meinen Kunden seit \u00fcber 30 Jahren in allen Dachfragen zur Seite.\u201cMartin Weihsweiler\u201eMit fachlicher Kompetenz und nachhaltigen Konzepten stehe ich meinen Kunden seit \u00fcber 30 Jahren in allen [&hellip;]\" \/>\n<meta property=\"og:url\" content=\"https:\/\/www.dach-mit-sachverstand.de\/\" \/>\n<meta property=\"og:site_name\" content=\"Dachsachverst\u00e4ndiger Martin Weihsweiler\" \/>\n<meta property=\"article:modified_time\" content=\"2023-05-02T08:37:19+00:00\" \/>\n<meta name=\"twitter:card\" content=\"summary_large_image\" \/>\n<meta name=\"twitter:label1\" content=\"Gesch\u00e4tzte Lesezeit\" \/>\n\t<meta name=\"twitter:data1\" content=\"23\u00a0Minuten\" \/>\n<script type=\"application\/ld+json\" class=\"yoast-schema-graph\">{\"@context\":\"https:\/\/schema.org\",\"@graph\":[{\"@type\":\"WebPage\",\"@id\":\"https:\/\/www.dach-mit-sachverstand.de\/\",\"url\":\"https:\/\/www.dach-mit-sachverstand.de\/\",\"name\":\"Startseite neu - Dachsachverst\u00e4ndiger Martin Weihsweiler\",\"isPartOf\":{\"@id\":\"https:\/\/www.dach-mit-sachverstand.de\/#website\"},\"datePublished\":\"2023-02-28T14:34:21+00:00\",\"dateModified\":\"2023-05-02T08:37:19+00:00\",\"breadcrumb\":{\"@id\":\"https:\/\/www.dach-mit-sachverstand.de\/#breadcrumb\"},\"inLanguage\":\"de\",\"potentialAction\":[{\"@type\":\"ReadAction\",\"target\":[\"https:\/\/www.dach-mit-sachverstand.de\/\"]}]},{\"@type\":\"BreadcrumbList\",\"@id\":\"https:\/\/www.dach-mit-sachverstand.de\/#breadcrumb\",\"itemListElement\":[{\"@type\":\"ListItem\",\"position\":1,\"name\":\"Startseite\",\"item\":\"https:\/\/www.dach-mit-sachverstand.de\/\"},{\"@type\":\"ListItem\",\"position\":2,\"name\":\"Startseite neu\"}]},{\"@type\":\"WebSite\",\"@id\":\"https:\/\/www.dach-mit-sachverstand.de\/#website\",\"url\":\"https:\/\/www.dach-mit-sachverstand.de\/\",\"name\":\"Dachsachverst\u00e4ndiger Martin Weihsweiler\",\"description\":\"Bonn und Umgebung\",\"potentialAction\":[{\"@type\":\"SearchAction\",\"target\":{\"@type\":\"EntryPoint\",\"urlTemplate\":\"https:\/\/www.dach-mit-sachverstand.de\/?s={search_term_string}\"},\"query-input\":{\"@type\":\"PropertyValueSpecification\",\"valueRequired\":true,\"valueName\":\"search_term_string\"}}],\"inLanguage\":\"de\"}]}<\/script>\n<!-- \/ Yoast SEO plugin. -->","yoast_head_json":{"title":"Startseite neu - Dachsachverst\u00e4ndiger Martin Weihsweiler","robots":{"index":"index","follow":"follow","max-snippet":"max-snippet:-1","max-image-preview":"max-image-preview:large","max-video-preview":"max-video-preview:-1"},"canonical":"https:\/\/www.dach-mit-sachverstand.de\/","og_locale":"de_DE","og_type":"article","og_title":"Startseite neu - Dachsachverst\u00e4ndiger Martin Weihsweiler","og_description":"Martin Weihsweiler\u201eMit fachlicher Kompetenz und nachhaltigen Konzepten stehe ich meinen Kunden seit \u00fcber 30 Jahren in allen Dachfragen zur Seite.\u201cMartin Weihsweiler\u201eMit fachlicher Kompetenz und nachhaltigen Konzepten stehe ich meinen Kunden seit \u00fcber 30 Jahren in allen Dachfragen zur Seite.\u201cMartin Weihsweiler\u201eMit fachlicher Kompetenz und nachhaltigen Konzepten stehe ich meinen Kunden seit \u00fcber 30 Jahren in allen [&hellip;]","og_url":"https:\/\/www.dach-mit-sachverstand.de\/","og_site_name":"Dachsachverst\u00e4ndiger Martin Weihsweiler","article_modified_time":"2023-05-02T08:37:19+00:00","twitter_card":"summary_large_image","twitter_misc":{"Gesch\u00e4tzte Lesezeit":"23\u00a0Minuten"},"schema":{"@context":"https:\/\/schema.org","@graph":[{"@type":"WebPage","@id":"https:\/\/www.dach-mit-sachverstand.de\/","url":"https:\/\/www.dach-mit-sachverstand.de\/","name":"Startseite neu - Dachsachverst\u00e4ndiger Martin Weihsweiler","isPartOf":{"@id":"https:\/\/www.dach-mit-sachverstand.de\/#website"},"datePublished":"2023-02-28T14:34:21+00:00","dateModified":"2023-05-02T08:37:19+00:00","breadcrumb":{"@id":"https:\/\/www.dach-mit-sachverstand.de\/#breadcrumb"},"inLanguage":"de","potentialAction":[{"@type":"ReadAction","target":["https:\/\/www.dach-mit-sachverstand.de\/"]}]},{"@type":"BreadcrumbList","@id":"https:\/\/www.dach-mit-sachverstand.de\/#breadcrumb","itemListElement":[{"@type":"ListItem","position":1,"name":"Startseite","item":"https:\/\/www.dach-mit-sachverstand.de\/"},{"@type":"ListItem","position":2,"name":"Startseite neu"}]},{"@type":"WebSite","@id":"https:\/\/www.dach-mit-sachverstand.de\/#website","url":"https:\/\/www.dach-mit-sachverstand.de\/","name":"Dachsachverst\u00e4ndiger Martin Weihsweiler","description":"Bonn und Umgebung","potentialAction":[{"@type":"SearchAction","target":{"@type":"EntryPoint","urlTemplate":"https:\/\/www.dach-mit-sachverstand.de\/?s={search_term_string}"},"query-input":{"@type":"PropertyValueSpecification","valueRequired":true,"valueName":"search_term_string"}}],"inLanguage":"de"}]}},"_links":{"self":[{"href":"https:\/\/www.dach-mit-sachverstand.de\/index.php\/wp-json\/wp\/v2\/pages\/308","targetHints":{"allow":["GET"]}}],"collection":[{"href":"https:\/\/www.dach-mit-sachverstand.de\/index.php\/wp-json\/wp\/v2\/pages"}],"about":[{"href":"https:\/\/www.dach-mit-sachverstand.de\/index.php\/wp-json\/wp\/v2\/types\/page"}],"author":[{"embeddable":true,"href":"https:\/\/www.dach-mit-sachverstand.de\/index.php\/wp-json\/wp\/v2\/users\/2"}],"replies":[{"embeddable":true,"href":"https:\/\/www.dach-mit-sachverstand.de\/index.php\/wp-json\/wp\/v2\/comments?post=308"}],"version-history":[{"count":85,"href":"https:\/\/www.dach-mit-sachverstand.de\/index.php\/wp-json\/wp\/v2\/pages\/308\/revisions"}],"predecessor-version":[{"id":976,"href":"https:\/\/www.dach-mit-sachverstand.de\/index.php\/wp-json\/wp\/v2\/pages\/308\/revisions\/976"}],"wp:attachment":[{"href":"https:\/\/www.dach-mit-sachverstand.de\/index.php\/wp-json\/wp\/v2\/media?parent=308"}],"curies":[{"name":"wp","href":"https:\/\/api.w.org\/{rel}","templated":true}]}}