{"id":441,"date":"2023-03-04T14:46:15","date_gmt":"2023-03-04T13:46:15","guid":{"rendered":"https:\/\/www.dach-mit-sachverstand.de\/?page_id=441"},"modified":"2025-08-14T15:35:18","modified_gmt":"2025-08-14T13:35:18","slug":"ueber-mich","status":"publish","type":"page","link":"https:\/\/www.dach-mit-sachverstand.de\/index.php\/ueber-mich\/","title":{"rendered":"\u00dcber mich"},"content":{"rendered":"<p>[et_pb_section fb_built=&#8220;1&#8243; custom_padding_last_edited=&#8220;on|desktop&#8220; _builder_version=&#8220;4.19.5&#8243; background_image=&#8220;https:\/\/www.dach-mit-sachverstand.de\/wp-content\/uploads\/head-portrait19.jpg&#8220; background_position=&#8220;top_center&#8220; custom_padding=&#8220;69px|0px|57px|0px|false|false&#8220; custom_padding_tablet=&#8220;69px|0px|57px|0px|false|false&#8220; custom_padding_phone=&#8220;69px|0px|57px|0px|false|false&#8220; background_last_edited=&#8220;on|phone&#8220; background_image_phone=&#8220;https:\/\/www.dach-mit-sachverstand.de\/wp-content\/uploads\/dach-mit-sachverstand-header-mobile.jpg&#8220; background_enable_image_phone=&#8220;on&#8220; global_colors_info=&#8220;{}&#8220;][et_pb_row column_structure=&#8220;1_2,1_2&#8243; _builder_version=&#8220;4.19.5&#8243; background_size=&#8220;initial&#8220; background_position=&#8220;top_left&#8220; background_repeat=&#8220;repeat&#8220; custom_padding=&#8220;||||false|false&#8220; global_colors_info=&#8220;{}&#8220;][et_pb_column type=&#8220;1_2&#8243; _builder_version=&#8220;4.16&#8243; custom_padding=&#8220;|||&#8220; global_colors_info=&#8220;{}&#8220; custom_padding__hover=&#8220;|||&#8220;][\/et_pb_column][et_pb_column type=&#8220;1_2&#8243; _builder_version=&#8220;4.16&#8243; custom_padding=&#8220;|||&#8220; global_colors_info=&#8220;{}&#8220; custom_padding__hover=&#8220;|||&#8220;][et_pb_text _builder_version=&#8220;4.19.5&#8243; text_font=&#8220;|on|||&#8220; text_text_color=&#8220;#333333&#8243; text_font_size=&#8220;42px&#8220; text_line_height=&#8220;1em&#8220; custom_margin_tablet=&#8220;||||false|false&#8220; custom_margin_phone=&#8220;||||false|false&#8220; custom_margin_last_edited=&#8220;on|tablet&#8220; custom_padding=&#8220;||0px||false|false&#8220; custom_padding_tablet=&#8220;||0px||false|false&#8220; custom_padding_phone=&#8220;||0px||false|false&#8220; custom_padding_last_edited=&#8220;on|tablet&#8220; text_font_size_tablet=&#8220;&#8220; text_font_size_phone=&#8220;37px&#8220; text_font_size_last_edited=&#8220;on|phone&#8220; header_font_size_last_edited=&#8220;off|desktop&#8220; global_colors_info=&#8220;{}&#8220;]<\/p>\n<p>\u00dcber mich<\/p>\n<p>[\/et_pb_text][et_pb_text _builder_version=&#8220;4.19.5&#8243; text_text_color=&#8220;#333333&#8243; text_font_size=&#8220;25px&#8220; text_line_height=&#8220;1.2em&#8220; text_font_size_tablet=&#8220;&#8220; text_font_size_phone=&#8220;19px&#8220; text_font_size_last_edited=&#8220;on|phone&#8220; header_font_size_phone=&#8220;14px&#8220; header_font_size_last_edited=&#8220;off|desktop&#8220; global_colors_info=&#8220;{}&#8220;]<\/p>\n<p>\u201eAls Sachverst\u00e4ndiger mit Dachverstand biete ich meine fachliche Kompetenz bei allen Fragen zum Dach.\u201c<\/p>\n<p>[\/et_pb_text][\/et_pb_column][\/et_pb_row][\/et_pb_section][et_pb_section fb_built=&#8220;1&#8243; _builder_version=&#8220;4.19.5&#8243; background_color=&#8220;#f2f2f2&#8243; global_colors_info=&#8220;{}&#8220;][et_pb_row custom_padding_last_edited=&#8220;on|tablet&#8220; _builder_version=&#8220;4.19.5&#8243; background_size=&#8220;initial&#8220; background_position=&#8220;top_left&#8220; background_repeat=&#8220;repeat&#8220; custom_margin_tablet=&#8220;||0px||false|false&#8220; custom_margin_phone=&#8220;||0px||false|false&#8220; custom_margin_last_edited=&#8220;on|tablet&#8220; custom_padding_tablet=&#8220;||||false|false&#8220; custom_padding_phone=&#8220;||||false|false&#8220; global_colors_info=&#8220;{}&#8220;][et_pb_column type=&#8220;4_4&#8243; _builder_version=&#8220;4.16&#8243; custom_padding=&#8220;|||&#8220; global_colors_info=&#8220;{}&#8220; custom_padding__hover=&#8220;|||&#8220;][et_pb_text content_tablet=&#8220;<\/p>\n<h2><span style=%22color: #363a93;%22>Mein Werdegang<\/span><\/h2>\n<p>Ich bin geboren am 04.02.1964 und seit 1986 verheiratet. Meine Karriere im Dachdeckerhandwerk begann 1985. Ich habe das Dachdeckerhandwerk von Grund auf erlernt. Seit meiner Meisterpr\u00fcfung 1992 besuche ich regelm\u00e4\u00dfig j\u00e4hrlich Fortbildungsveranstaltungen, um fachlich immer auf dem neuesten Stand zu sein. Das Wissen und die handwerklichen F\u00e4higkeiten, die ich erlangte, werden dadurch immer weiter aktualisiert und optimiert. Die gewonnenen Erfahrungen versetzen mich in die Lage, auch komplexe fachliche Zusammenh\u00e4nge verst\u00e4ndlich zu vermitteln, und die Tragweite von Entscheidungen zu reflektieren.<\/p>\n<p>&#8220; content_phone=&#8220;<\/p>\n<h2 style=%22text-align: center;%22><span style=%22color: #363a93;%22>Mein Werdegang<\/span><\/h2>\n<p><\/p>\n<p style=%22text-align: center;%22>Ich bin geboren am 04.02.1964 und seit 1986 verheiratet. Meine Karriere im Dachdeckerhandwerk begann 1985. Ich habe das Dachdeckerhandwerk von Grund auf erlernt. Seit meiner Meisterpr\u00fcfung 1992 besuche ich regelm\u00e4\u00dfig j\u00e4hrlich Fortbildungsveranstaltungen, um fachlich immer auf dem neuesten Stand zu sein. Das Wissen und die handwerklichen F\u00e4higkeiten, die ich erlangte, werden dadurch immer weiter aktualisiert und optimiert. Die gewonnenen Erfahrungen versetzen mich in die Lage, auch komplexe fachliche Zusammenh\u00e4nge verst\u00e4ndlich zu vermitteln, und die Tragweite von Entscheidungen zu reflektieren.<\/p>\n<p>&#8220; content_last_edited=&#8220;on|phone&#8220; _builder_version=&#8220;4.19.5&#8243; module_alignment=&#8220;center&#8220; global_colors_info=&#8220;{}&#8220;]<\/p>\n<h2><span style=\"color: #363a93;\">Mein Werdegang<\/span><\/h2>\n<p>Ich bin geboren am 04.02.1964 und seit 1986 verheiratet. Meine Karriere im Dachdeckerhandwerk begann 1985. Ich habe das Dachdeckerhandwerk von Grund auf erlernt. Seit meiner Meisterpr\u00fcfung 1992 besuche ich regelm\u00e4\u00dfig j\u00e4hrlich Fortbildungsveranstaltungen, um fachlich immer auf dem neuesten Stand zu sein. Das Wissen und die handwerklichen F\u00e4higkeiten, die ich erlangte, werden dadurch immer weiter aktualisiert und optimiert. Die gewonnenen Erfahrungen versetzen mich in die Lage, auch komplexe fachliche Zusammenh\u00e4nge verst\u00e4ndlich zu vermitteln, und die Tragweite von Entscheidungen zu reflektieren.<\/p>\n<p>[\/et_pb_text][\/et_pb_column][\/et_pb_row][et_pb_row column_structure=&#8220;1_2,1_2&#8243; _builder_version=&#8220;4.16&#8243; background_size=&#8220;initial&#8220; background_position=&#8220;top_left&#8220; background_repeat=&#8220;repeat&#8220; global_colors_info=&#8220;{}&#8220;][et_pb_column type=&#8220;1_2&#8243; _builder_version=&#8220;4.16&#8243; custom_padding=&#8220;|||&#8220; global_colors_info=&#8220;{}&#8220; custom_padding__hover=&#8220;|||&#8220;][et_pb_text content_tablet=&#8220;<\/p>\n<h2><span style=%22color: #363a93;%22>Mein Weg zum Sachverst\u00e4ndigen<\/span><\/h2>\n<p>Auf meinem Weg zum Sachverst\u00e4ndigen f\u00fcr das Dachdeckerhandwerk absolvierte ich die entsprechenden Lehrg\u00e4nge beim Verband Nordrhein und an der Akademie des Handwerks in Raesfeld. Mein Sachverst\u00e4ndigen-Vater, Rainer Sch\u00fcpphaus hat mich dabei bis zur Abschlusspr\u00fcfung begleitet.<\/p>\n<p>&#8220; content_phone=&#8220;<\/p>\n<h2 style=%22text-align: center;%22><span style=%22color: #363a93;%22>Mein Weg zum Sachverst\u00e4ndigen<\/span><\/h2>\n<p><\/p>\n<p style=%22text-align: center;%22>Auf meinem Weg zum Sachverst\u00e4ndigen f\u00fcr das Dachdeckerhandwerk absolvierte ich die entsprechenden Lehrg\u00e4nge beim Verband Nordrhein und an der Akademie des Handwerks in Raesfeld. Mein Sachverst\u00e4ndigen-Vater, Rainer Sch\u00fcpphaus hat mich dabei bis zur Abschlusspr\u00fcfung begleitet.<\/p>\n<p>&#8220; content_last_edited=&#8220;on|desktop&#8220; disabled_on=&#8220;off|off|off&#8220; _builder_version=&#8220;4.19.5&#8243; module_alignment=&#8220;center&#8220; global_colors_info=&#8220;{}&#8220;]<\/p>\n<h2><span style=\"color: #363a93;\">Mein Weg zum Sachverst\u00e4ndigen<\/span><\/h2>\n<p>Auf meinem Weg zum Sachverst\u00e4ndigen f\u00fcr das Dachdeckerhandwerk absolvierte ich die entsprechenden Lehrg\u00e4nge beim Verband Nordrhein und an der Akademie des Handwerks in Raesfeld. Mein Sachverst\u00e4ndigen-Vater, Rainer Sch\u00fcpphaus hat mich dabei bis zur Abschlusspr\u00fcfung begleitet.<\/p>\n<p>[\/et_pb_text][\/et_pb_column][et_pb_column type=&#8220;1_2&#8243; _builder_version=&#8220;4.16&#8243; custom_padding=&#8220;|||&#8220; global_colors_info=&#8220;{}&#8220; custom_padding__hover=&#8220;|||&#8220;][et_pb_text content_tablet=&#8220;<\/p>\n<h2><span style=%22color: #363a93;%22>Meine<\/span> <span style=%22color: #363a93;%22>Vereidigung<\/span><\/h2>\n<p>Am 21. Januar 2008 wurde ich zum \u00f6ffentlich bestellten und vereidigten Sachverst\u00e4ndigen der Handwerkskammer zu K\u00f6ln f\u00fcr das Dachdeckerhandwerk bestellt und gr\u00fcndete in Meckenheim mein Sachverst\u00e4ndigenb\u00fcro, das heute in Rheinbach und Gerolstein ans\u00e4ssig ist.<\/p>\n<p>&#8220; content_phone=&#8220;<\/p>\n<h2 style=%22text-align: center;%22><span style=%22color: #363a93;%22>Meine<\/span> <span style=%22color: #363a93;%22>Vereidigung<\/span><\/h2>\n<p style=%22text-align: center;%22>Am 21. Januar 2008 wurde ich zum \u00f6ffentlich bestellten und vereidigten Sachverst\u00e4ndigen der Handwerkskammer zu K\u00f6ln f\u00fcr das Dachdeckerhandwerk bestellt und gr\u00fcndete in Meckenheim mein Sachverst\u00e4ndigenb\u00fcro, das heute in Rheinbach und Gerolstein ans\u00e4ssig ist.<\/p>\n<p>&#8220; content_last_edited=&#8220;on|phone&#8220; _builder_version=&#8220;4.27.4&#8243; module_alignment=&#8220;center&#8220; custom_margin_tablet=&#8220;30px||||false|false&#8220; custom_margin_phone=&#8220;30px||||false|false&#8220; custom_margin_last_edited=&#8220;on|phone&#8220; custom_padding_tablet=&#8220;&#8220; custom_padding_phone=&#8220;&#8220; custom_padding_last_edited=&#8220;on|phone&#8220; hover_enabled=&#8220;0&#8243; global_colors_info=&#8220;{}&#8220; sticky_enabled=&#8220;0&#8243;]<\/p>\n<h2><span style=\"color: #363a93;\">Meine<\/span> <span style=\"color: #363a93;\">Vereidigung<\/span><\/h2>\n<p>Am 21. Januar 2008 wurde ich zum \u00f6ffentlich bestellten und vereidigten Sachverst\u00e4ndigen der Handwerkskammer zu K\u00f6ln f\u00fcr das Dachdeckerhandwerk bestellt und gr\u00fcndete in Meckenheim mein Sachverst\u00e4ndigenb\u00fcro, das heute in Rheinbach und Gerolstein ans\u00e4ssig ist.<\/p>\n<p>[\/et_pb_text][\/et_pb_column][\/et_pb_row][et_pb_row _builder_version=&#8220;4.16&#8243; background_size=&#8220;initial&#8220; background_position=&#8220;top_left&#8220; background_repeat=&#8220;repeat&#8220; global_colors_info=&#8220;{}&#8220;][et_pb_column type=&#8220;4_4&#8243; _builder_version=&#8220;4.16&#8243; custom_padding=&#8220;|||&#8220; global_colors_info=&#8220;{}&#8220; custom_padding__hover=&#8220;|||&#8220;][et_pb_text content_tablet=&#8220;<\/p>\n<h2><span style=%22color: #363a93;%22>Meine \u00dcberzeugung<\/span><\/h2>\n<p>Als Dachdeckermeister, Unternehmer und Sachverst\u00e4ndiger habe ich neben allen wichtigen Qualifikationen vor allem eines: Leidenschaft f\u00fcrs Dachhandwerk. Deshalb gebe ich f\u00fcr jedes Projekt 100% und pflege ein enges Vertrauensverh\u00e4ltnis zu meinen Kunden. Mit Qualit\u00e4t, Fachwissen und \u00fcber 30 Jahren Erfahrung setze ich auch Ihre W\u00fcnsche in die Realit\u00e4t um. Als Vorreiter auf dem Gebiet <strong><a href=%22https:\/\/www.dach-mit-sachverstand.de\/index.php\/verantwortung\/%22>nachhaltiger Baukonzepte<\/a><\/strong> berate ich Sie zukunftsorientiert, verst\u00e4ndlich und praxisnah. Erfahren Sie mehr \u00fcber meine \u00dcberzeugungen in folgenden <a href=%22https:\/\/www.dach-mit-sachverstand.de\/wp-content\/uploads\/Interviews-divers-Martin-Weihsweiler.pdf%22><strong>Interviews<\/strong>.<\/a><\/p>\n<p>&#8220; content_phone=&#8220;<\/p>\n<h2 style=%22text-align: center;%22><span style=%22color: #363a93;%22>Meine \u00dcberzeugung<\/span><\/h2>\n<\/p>\n<p style=%22text-align: center;%22>Als Dachdeckermeister, Unternehmer und Sachverst\u00e4ndiger habe ich neben allen wichtigen Qualifikationen vor allem eines: Leidenschaft f\u00fcrs Dachhandwerk. Deshalb gebe ich f\u00fcr jedes Projekt 100% und pflege ein enges Vertrauensverh\u00e4ltnis zu meinen Kunden. Mit Qualit\u00e4t, Fachwissen und \u00fcber 30 Jahren Erfahrung setze ich auch Ihre W\u00fcnsche in die Realit\u00e4t um. Als Vorreiter auf dem Gebiet <strong><a href=%22https:\/\/www.dach-mit-sachverstand.de\/index.php\/verantwortung\/%22>nachhaltiger Baukonzepte<\/a><\/strong> berate ich Sie zukunftsorientiert, verst\u00e4ndlich und praxisnah. Erfahren Sie mehr \u00fcber meine \u00dcberzeugungen in folgenden <strong><a href=%22https:\/\/www.dach-mit-sachverstand.de\/wp-content\/uploads\/Interviews-divers-Martin-Weihsweiler.pdf%22>Interviews<\/a><\/strong>.<\/p>\n<p>&#8220; content_last_edited=&#8220;on|tablet&#8220; _builder_version=&#8220;4.19.5&#8243; module_alignment=&#8220;center&#8220; global_colors_info=&#8220;{}&#8220;]<\/p>\n<h2><span style=\"color: #363a93;\">Meine \u00dcberzeugung<\/span><\/h2>\n<p>Als Dachdeckermeister, Unternehmer und Sachverst\u00e4ndiger habe ich neben allen wichtigen Qualifikationen vor allem eines: Leidenschaft f\u00fcrs Dachhandwerk. Deshalb gebe ich f\u00fcr jedes Projekt 100% und pflege ein enges Vertrauensverh\u00e4ltnis zu meinen Kunden. Mit Qualit\u00e4t, Fachwissen und \u00fcber 30 Jahren Erfahrung setze ich auch Ihre W\u00fcnsche in die Realit\u00e4t um. Als Vorreiter auf dem Gebiet <strong><a href=\"https:\/\/www.dach-mit-sachverstand.de\/index.php\/verantwortung\/\">nachhaltiger Baukonzepte<\/a><\/strong> berate ich Sie zukunftsorientiert, verst\u00e4ndlich und praxisnah. Erfahren Sie mehr \u00fcber meine \u00dcberzeugungen in folgenden <strong><a href=\"https:\/\/www.dach-mit-sachverstand.de\/wp-content\/uploads\/Interviews-divers-Martin-Weihsweiler.pdf\">Interviews<\/a><\/strong>.<\/p>\n<p>[\/et_pb_text][\/et_pb_column][\/et_pb_row][\/et_pb_section][et_pb_section fb_built=&#8220;1&#8243; _builder_version=&#8220;4.19.5&#8243; _module_preset=&#8220;default&#8220; background_color=&#8220;#f2f2f2&#8243; global_colors_info=&#8220;{}&#8220;][et_pb_row column_structure=&#8220;1_2,1_2&#8243; _builder_version=&#8220;4.19.5&#8243; _module_preset=&#8220;default&#8220; custom_margin=&#8220;-100px||||false|false&#8220; global_colors_info=&#8220;{}&#8220;][et_pb_column type=&#8220;1_2&#8243; _builder_version=&#8220;4.19.5&#8243; _module_preset=&#8220;default&#8220; global_colors_info=&#8220;{}&#8220;][et_pb_image src=&#8220;https:\/\/www.dach-mit-sachverstand.de\/wp-content\/uploads\/Verantwortung4.jpg&#8220; _builder_version=&#8220;4.19.5&#8243; _module_preset=&#8220;default&#8220; box_shadow_style=&#8220;preset2&#8243; global_colors_info=&#8220;{}&#8220;][\/et_pb_image][\/et_pb_column][et_pb_column type=&#8220;1_2&#8243; _builder_version=&#8220;4.19.5&#8243; _module_preset=&#8220;default&#8220; global_colors_info=&#8220;{}&#8220;][et_pb_image src=&#8220;https:\/\/www.dach-mit-sachverstand.de\/wp-content\/uploads\/Ueber-mich-3.jpg&#8220; _builder_version=&#8220;4.19.5&#8243; _module_preset=&#8220;default&#8220; custom_margin_tablet=&#8220;30px||||false|false&#8220; custom_margin_phone=&#8220;30px||||false|false&#8220; custom_margin_last_edited=&#8220;on|phone&#8220; box_shadow_style=&#8220;preset2&#8243; global_colors_info=&#8220;{}&#8220;][\/et_pb_image][\/et_pb_column][\/et_pb_row][\/et_pb_section][et_pb_section fb_built=&#8220;1&#8243; _builder_version=&#8220;4.19.5&#8243; _module_preset=&#8220;default&#8220; global_colors_info=&#8220;{}&#8220;][et_pb_row _builder_version=&#8220;4.19.5&#8243; _module_preset=&#8220;default&#8220; global_colors_info=&#8220;{}&#8220;][et_pb_column type=&#8220;4_4&#8243; _builder_version=&#8220;4.19.5&#8243; _module_preset=&#8220;default&#8220; global_colors_info=&#8220;{}&#8220;][et_pb_text _builder_version=&#8220;4.19.5&#8243; module_alignment=&#8220;center&#8220; global_colors_info=&#8220;{}&#8220;]<\/p>\n<h2 style=\"text-align: center;\">Kontaktformular<\/h2>\n<p>&nbsp;<\/p>\n<p>[\/et_pb_text][et_pb_divider divider_weight=&#8220;2px&#8220; _builder_version=&#8220;4.19.5&#8243; max_width=&#8220;10%&#8220; module_alignment=&#8220;center&#8220; height=&#8220;0px&#8220; custom_margin=&#8220;-30px||||false|false&#8220; global_colors_info=&#8220;{}&#8220;][\/et_pb_divider][et_pb_contact_form email=&#8220;kontakt@dach-mit-sachverstand.de&#8220; success_message=&#8220;Ihre Nachricht wurde erfolgreich gesendet. Vielen Dank!&#8220; _builder_version=&#8220;4.19.5&#8243; _module_preset=&#8220;default&#8220; _unique_id=&#8220;07f974bc-f670-48b1-bd82-7449106e008c&#8220; custom_margin=&#8220;70px||||false|false&#8220; global_colors_info=&#8220;{}&#8220;][et_pb_contact_field field_id=&#8220;Name&#8220; field_title=&#8220;Name&#8220; _builder_version=&#8220;4.16&#8243; global_colors_info=&#8220;{}&#8220; button_text_size__hover_enabled=&#8220;off&#8220; button_one_text_size__hover_enabled=&#8220;off&#8220; button_two_text_size__hover_enabled=&#8220;off&#8220; button_text_color__hover_enabled=&#8220;off&#8220; button_one_text_color__hover_enabled=&#8220;off&#8220; button_two_text_color__hover_enabled=&#8220;off&#8220; button_border_width__hover_enabled=&#8220;off&#8220; button_one_border_width__hover_enabled=&#8220;off&#8220; button_two_border_width__hover_enabled=&#8220;off&#8220; button_border_color__hover_enabled=&#8220;off&#8220; button_one_border_color__hover_enabled=&#8220;off&#8220; button_two_border_color__hover_enabled=&#8220;off&#8220; button_border_radius__hover_enabled=&#8220;off&#8220; button_one_border_radius__hover_enabled=&#8220;off&#8220; button_two_border_radius__hover_enabled=&#8220;off&#8220; button_letter_spacing__hover_enabled=&#8220;off&#8220; button_one_letter_spacing__hover_enabled=&#8220;off&#8220; button_two_letter_spacing__hover_enabled=&#8220;off&#8220; button_bg_color__hover_enabled=&#8220;off&#8220; button_one_bg_color__hover_enabled=&#8220;off&#8220; button_two_bg_color__hover_enabled=&#8220;off&#8220;][\/et_pb_contact_field][et_pb_contact_field field_id=&#8220;Email&#8220; field_title=&#8220;E-Mail-Adresse&#8220; field_type=&#8220;email&#8220; _builder_version=&#8220;4.16&#8243; global_colors_info=&#8220;{}&#8220; button_text_size__hover_enabled=&#8220;off&#8220; button_one_text_size__hover_enabled=&#8220;off&#8220; button_two_text_size__hover_enabled=&#8220;off&#8220; button_text_color__hover_enabled=&#8220;off&#8220; button_one_text_color__hover_enabled=&#8220;off&#8220; button_two_text_color__hover_enabled=&#8220;off&#8220; button_border_width__hover_enabled=&#8220;off&#8220; button_one_border_width__hover_enabled=&#8220;off&#8220; button_two_border_width__hover_enabled=&#8220;off&#8220; button_border_color__hover_enabled=&#8220;off&#8220; button_one_border_color__hover_enabled=&#8220;off&#8220; button_two_border_color__hover_enabled=&#8220;off&#8220; button_border_radius__hover_enabled=&#8220;off&#8220; button_one_border_radius__hover_enabled=&#8220;off&#8220; button_two_border_radius__hover_enabled=&#8220;off&#8220; button_letter_spacing__hover_enabled=&#8220;off&#8220; button_one_letter_spacing__hover_enabled=&#8220;off&#8220; button_two_letter_spacing__hover_enabled=&#8220;off&#8220; button_bg_color__hover_enabled=&#8220;off&#8220; button_one_bg_color__hover_enabled=&#8220;off&#8220; button_two_bg_color__hover_enabled=&#8220;off&#8220;][\/et_pb_contact_field][et_pb_contact_field field_id=&#8220;Message&#8220; field_title=&#8220;Nachricht&#8220; field_type=&#8220;text&#8220; fullwidth_field=&#8220;on&#8220; _builder_version=&#8220;4.16&#8243; global_colors_info=&#8220;{}&#8220; button_text_size__hover_enabled=&#8220;off&#8220; button_one_text_size__hover_enabled=&#8220;off&#8220; button_two_text_size__hover_enabled=&#8220;off&#8220; button_text_color__hover_enabled=&#8220;off&#8220; button_one_text_color__hover_enabled=&#8220;off&#8220; button_two_text_color__hover_enabled=&#8220;off&#8220; button_border_width__hover_enabled=&#8220;off&#8220; button_one_border_width__hover_enabled=&#8220;off&#8220; button_two_border_width__hover_enabled=&#8220;off&#8220; button_border_color__hover_enabled=&#8220;off&#8220; button_one_border_color__hover_enabled=&#8220;off&#8220; button_two_border_color__hover_enabled=&#8220;off&#8220; button_border_radius__hover_enabled=&#8220;off&#8220; button_one_border_radius__hover_enabled=&#8220;off&#8220; button_two_border_radius__hover_enabled=&#8220;off&#8220; button_letter_spacing__hover_enabled=&#8220;off&#8220; button_one_letter_spacing__hover_enabled=&#8220;off&#8220; button_two_letter_spacing__hover_enabled=&#8220;off&#8220; button_bg_color__hover_enabled=&#8220;off&#8220; button_one_bg_color__hover_enabled=&#8220;off&#8220; button_two_bg_color__hover_enabled=&#8220;off&#8220;][\/et_pb_contact_field][et_pb_contact_field field_id=&#8220;dsgvo&#8220; field_title=&#8220;Datenschutz&#8220; field_type=&#8220;checkbox&#8220; checkbox_options=&#8220;%91{%22value%22:%22Ja, ich habe die Datenschutzerkl\u00e4rung und Widerrufhinweise zur Kenntnis genommen und bin mit der Verarbeitung meiner Daten einverstanden. Ich habe zur Kenntnis genommen, dass ich diese Einwilligung jederzeit widerrufen kann. (Pflichtfeld). Datenschutzhinweis: Die Anfrage wird verschl\u00fcsselt per https \/ SSL an unseren Server geschickt. Wir werden die Angaben nur zur Beantwortung Ihrer Anfrage verwenden. Hier finden Sie unsere Datenschutzerkl\u00e4rung und Widerrufhinweise mit weiteren Details. %22,%22checked%22:0,%22dragID%22:-1,%22link_url%22:%22https:\/\/www.dach-mit-sachverstand.de\/index.php\/datenschutzerklaerung\/%22}%93&#8243; fullwidth_field=&#8220;on&#8220; _builder_version=&#8220;4.19.5&#8243; _module_preset=&#8220;default&#8220; global_colors_info=&#8220;{}&#8220;][\/et_pb_contact_field][\/et_pb_contact_form][\/et_pb_column][\/et_pb_row][\/et_pb_section]<\/p>\n","protected":false},"excerpt":{"rendered":"<p>\u00dcber mich\u201eAls Sachverst\u00e4ndiger mit Dachverstand biete ich meine fachliche Kompetenz bei allen Fragen zum Dach.\u201cMein Werdegang Ich bin geboren am 04.02.1964 und seit 1986 verheiratet. Meine Karriere im Dachdeckerhandwerk begann 1985. Ich habe das Dachdeckerhandwerk von Grund auf erlernt. Seit meiner Meisterpr\u00fcfung 1992 besuche ich regelm\u00e4\u00dfig j\u00e4hrlich Fortbildungsveranstaltungen, um fachlich immer auf dem neuesten Stand [&hellip;]<\/p>\n","protected":false},"author":2,"featured_media":0,"parent":0,"menu_order":0,"comment_status":"closed","ping_status":"closed","template":"","meta":{"_et_pb_use_builder":"on","_et_pb_old_content":"","_et_gb_content_width":"","footnotes":""},"class_list":["post-441","page","type-page","status-publish","hentry"],"yoast_head":"<!-- This site is optimized with the Yoast SEO plugin v27.1.1 - https:\/\/yoast.com\/product\/yoast-seo-wordpress\/ -->\n<title>\u00dcber mich - Dachsachverst\u00e4ndiger Martin Weihsweiler<\/title>\n<meta name=\"robots\" content=\"index, follow, max-snippet:-1, max-image-preview:large, max-video-preview:-1\" \/>\n<link rel=\"canonical\" href=\"https:\/\/www.dach-mit-sachverstand.de\/index.php\/ueber-mich\/\" \/>\n<meta property=\"og:locale\" content=\"de_DE\" \/>\n<meta property=\"og:type\" content=\"article\" \/>\n<meta property=\"og:title\" content=\"\u00dcber mich - Dachsachverst\u00e4ndiger Martin Weihsweiler\" \/>\n<meta property=\"og:description\" content=\"\u00dcber mich\u201eAls Sachverst\u00e4ndiger mit Dachverstand biete ich meine fachliche Kompetenz bei allen Fragen zum Dach.\u201cMein Werdegang Ich bin geboren am 04.02.1964 und seit 1986 verheiratet. Meine Karriere im Dachdeckerhandwerk begann 1985. Ich habe das Dachdeckerhandwerk von Grund auf erlernt. Seit meiner Meisterpr\u00fcfung 1992 besuche ich regelm\u00e4\u00dfig j\u00e4hrlich Fortbildungsveranstaltungen, um fachlich immer auf dem neuesten Stand [&hellip;]\" \/>\n<meta property=\"og:url\" content=\"https:\/\/www.dach-mit-sachverstand.de\/index.php\/ueber-mich\/\" \/>\n<meta property=\"og:site_name\" content=\"Dachsachverst\u00e4ndiger Martin Weihsweiler\" \/>\n<meta property=\"article:modified_time\" content=\"2025-08-14T13:35:18+00:00\" \/>\n<meta name=\"twitter:card\" content=\"summary_large_image\" \/>\n<meta name=\"twitter:label1\" content=\"Gesch\u00e4tzte Lesezeit\" \/>\n\t<meta name=\"twitter:data1\" content=\"6\u00a0Minuten\" \/>\n<script type=\"application\/ld+json\" class=\"yoast-schema-graph\">{\"@context\":\"https:\/\/schema.org\",\"@graph\":[{\"@type\":\"WebPage\",\"@id\":\"https:\/\/www.dach-mit-sachverstand.de\/index.php\/ueber-mich\/\",\"url\":\"https:\/\/www.dach-mit-sachverstand.de\/index.php\/ueber-mich\/\",\"name\":\"\u00dcber mich - Dachsachverst\u00e4ndiger Martin Weihsweiler\",\"isPartOf\":{\"@id\":\"https:\/\/www.dach-mit-sachverstand.de\/#website\"},\"datePublished\":\"2023-03-04T13:46:15+00:00\",\"dateModified\":\"2025-08-14T13:35:18+00:00\",\"breadcrumb\":{\"@id\":\"https:\/\/www.dach-mit-sachverstand.de\/index.php\/ueber-mich\/#breadcrumb\"},\"inLanguage\":\"de\",\"potentialAction\":[{\"@type\":\"ReadAction\",\"target\":[\"https:\/\/www.dach-mit-sachverstand.de\/index.php\/ueber-mich\/\"]}]},{\"@type\":\"BreadcrumbList\",\"@id\":\"https:\/\/www.dach-mit-sachverstand.de\/index.php\/ueber-mich\/#breadcrumb\",\"itemListElement\":[{\"@type\":\"ListItem\",\"position\":1,\"name\":\"Startseite\",\"item\":\"https:\/\/www.dach-mit-sachverstand.de\/\"},{\"@type\":\"ListItem\",\"position\":2,\"name\":\"\u00dcber mich\"}]},{\"@type\":\"WebSite\",\"@id\":\"https:\/\/www.dach-mit-sachverstand.de\/#website\",\"url\":\"https:\/\/www.dach-mit-sachverstand.de\/\",\"name\":\"Dachsachverst\u00e4ndiger Martin Weihsweiler\",\"description\":\"Bonn und Umgebung\",\"potentialAction\":[{\"@type\":\"SearchAction\",\"target\":{\"@type\":\"EntryPoint\",\"urlTemplate\":\"https:\/\/www.dach-mit-sachverstand.de\/?s={search_term_string}\"},\"query-input\":{\"@type\":\"PropertyValueSpecification\",\"valueRequired\":true,\"valueName\":\"search_term_string\"}}],\"inLanguage\":\"de\"}]}<\/script>\n<!-- \/ Yoast SEO plugin. -->","yoast_head_json":{"title":"\u00dcber mich - Dachsachverst\u00e4ndiger Martin Weihsweiler","robots":{"index":"index","follow":"follow","max-snippet":"max-snippet:-1","max-image-preview":"max-image-preview:large","max-video-preview":"max-video-preview:-1"},"canonical":"https:\/\/www.dach-mit-sachverstand.de\/index.php\/ueber-mich\/","og_locale":"de_DE","og_type":"article","og_title":"\u00dcber mich - Dachsachverst\u00e4ndiger Martin Weihsweiler","og_description":"\u00dcber mich\u201eAls Sachverst\u00e4ndiger mit Dachverstand biete ich meine fachliche Kompetenz bei allen Fragen zum Dach.\u201cMein Werdegang Ich bin geboren am 04.02.1964 und seit 1986 verheiratet. Meine Karriere im Dachdeckerhandwerk begann 1985. Ich habe das Dachdeckerhandwerk von Grund auf erlernt. Seit meiner Meisterpr\u00fcfung 1992 besuche ich regelm\u00e4\u00dfig j\u00e4hrlich Fortbildungsveranstaltungen, um fachlich immer auf dem neuesten Stand [&hellip;]","og_url":"https:\/\/www.dach-mit-sachverstand.de\/index.php\/ueber-mich\/","og_site_name":"Dachsachverst\u00e4ndiger Martin Weihsweiler","article_modified_time":"2025-08-14T13:35:18+00:00","twitter_card":"summary_large_image","twitter_misc":{"Gesch\u00e4tzte Lesezeit":"6\u00a0Minuten"},"schema":{"@context":"https:\/\/schema.org","@graph":[{"@type":"WebPage","@id":"https:\/\/www.dach-mit-sachverstand.de\/index.php\/ueber-mich\/","url":"https:\/\/www.dach-mit-sachverstand.de\/index.php\/ueber-mich\/","name":"\u00dcber mich - Dachsachverst\u00e4ndiger Martin Weihsweiler","isPartOf":{"@id":"https:\/\/www.dach-mit-sachverstand.de\/#website"},"datePublished":"2023-03-04T13:46:15+00:00","dateModified":"2025-08-14T13:35:18+00:00","breadcrumb":{"@id":"https:\/\/www.dach-mit-sachverstand.de\/index.php\/ueber-mich\/#breadcrumb"},"inLanguage":"de","potentialAction":[{"@type":"ReadAction","target":["https:\/\/www.dach-mit-sachverstand.de\/index.php\/ueber-mich\/"]}]},{"@type":"BreadcrumbList","@id":"https:\/\/www.dach-mit-sachverstand.de\/index.php\/ueber-mich\/#breadcrumb","itemListElement":[{"@type":"ListItem","position":1,"name":"Startseite","item":"https:\/\/www.dach-mit-sachverstand.de\/"},{"@type":"ListItem","position":2,"name":"\u00dcber mich"}]},{"@type":"WebSite","@id":"https:\/\/www.dach-mit-sachverstand.de\/#website","url":"https:\/\/www.dach-mit-sachverstand.de\/","name":"Dachsachverst\u00e4ndiger Martin Weihsweiler","description":"Bonn und Umgebung","potentialAction":[{"@type":"SearchAction","target":{"@type":"EntryPoint","urlTemplate":"https:\/\/www.dach-mit-sachverstand.de\/?s={search_term_string}"},"query-input":{"@type":"PropertyValueSpecification","valueRequired":true,"valueName":"search_term_string"}}],"inLanguage":"de"}]}},"_links":{"self":[{"href":"https:\/\/www.dach-mit-sachverstand.de\/index.php\/wp-json\/wp\/v2\/pages\/441","targetHints":{"allow":["GET"]}}],"collection":[{"href":"https:\/\/www.dach-mit-sachverstand.de\/index.php\/wp-json\/wp\/v2\/pages"}],"about":[{"href":"https:\/\/www.dach-mit-sachverstand.de\/index.php\/wp-json\/wp\/v2\/types\/page"}],"author":[{"embeddable":true,"href":"https:\/\/www.dach-mit-sachverstand.de\/index.php\/wp-json\/wp\/v2\/users\/2"}],"replies":[{"embeddable":true,"href":"https:\/\/www.dach-mit-sachverstand.de\/index.php\/wp-json\/wp\/v2\/comments?post=441"}],"version-history":[{"count":82,"href":"https:\/\/www.dach-mit-sachverstand.de\/index.php\/wp-json\/wp\/v2\/pages\/441\/revisions"}],"predecessor-version":[{"id":1048,"href":"https:\/\/www.dach-mit-sachverstand.de\/index.php\/wp-json\/wp\/v2\/pages\/441\/revisions\/1048"}],"wp:attachment":[{"href":"https:\/\/www.dach-mit-sachverstand.de\/index.php\/wp-json\/wp\/v2\/media?parent=441"}],"curies":[{"name":"wp","href":"https:\/\/api.w.org\/{rel}","templated":true}]}}